{"id":4837,"date":"2024-02-08T17:50:55","date_gmt":"2024-02-08T17:50:55","guid":{"rendered":"https:\/\/www.residencecosta.it\/abruzzo\/"},"modified":"2024-04-10T14:20:14","modified_gmt":"2024-04-10T14:20:14","slug":"abruzzo","status":"publish","type":"page","link":"https:\/\/www.residencecosta.it\/de\/abruzzo\/","title":{"rendered":"Abruzzo"},"content":{"rendered":"\t\t<div data-elementor-type=\"wp-page\" data-elementor-id=\"4837\" class=\"elementor elementor-4837 elementor-946\">\n\t\t\t\t<div class=\"elementor-element elementor-element-f383f80 e-flex e-con-boxed e-con e-parent\" data-id=\"f383f80\" data-element_type=\"container\" data-settings=\"{&quot;content_width&quot;:&quot;boxed&quot;}\" data-core-v316-plus=\"true\">\n\t\t\t\t\t<div class=\"e-con-inner\">\n\t\t\t\t<div class=\"elementor-element elementor-element-6fcbc47 elementor-widget elementor-widget-heading\" data-id=\"6fcbc47\" data-element_type=\"widget\" data-widget_type=\"heading.default\">\n\t\t\t\t<div class=\"elementor-widget-container\">\n\t\t\t<style>\/*! elementor - v3.19.0 - 28-02-2024 *\/\n.elementor-heading-title{padding:0;margin:0;line-height:1}.elementor-widget-heading .elementor-heading-title[class*=elementor-size-]>a{color:inherit;font-size:inherit;line-height:inherit}.elementor-widget-heading .elementor-heading-title.elementor-size-small{font-size:15px}.elementor-widget-heading .elementor-heading-title.elementor-size-medium{font-size:19px}.elementor-widget-heading .elementor-heading-title.elementor-size-large{font-size:29px}.elementor-widget-heading .elementor-heading-title.elementor-size-xl{font-size:39px}.elementor-widget-heading .elementor-heading-title.elementor-size-xxl{font-size:59px}<\/style><h2 class=\"elementor-heading-title elementor-size-default\">VIELE EMOTIONEN ZWISCHEN MEER UND BERGEN<\/h2>\t\t<\/div>\n\t\t\t\t<\/div>\n\t\t\t\t\t<\/div>\n\t\t\t\t<\/div>\n\t\t\t\t<section class=\"elementor-section elementor-top-section elementor-element elementor-element-ac2a46f elementor-section-full_width elementor-section-height-default elementor-section-height-default\" data-id=\"ac2a46f\" data-element_type=\"section\">\n\t\t\t\t\t\t<div class=\"elementor-container elementor-column-gap-wider\">\n\t\t\t\t\t<div class=\"elementor-column elementor-col-50 elementor-inner-column elementor-element elementor-element-5a561cfe\" data-id=\"5a561cfe\" data-element_type=\"column\">\n\t\t\t<div class=\"elementor-widget-wrap elementor-element-populated\">\n\t\t\t\t\t\t<div class=\"elementor-element elementor-element-6321812 elementor-widget elementor-widget-text-editor\" data-id=\"6321812\" data-element_type=\"widget\" data-widget_type=\"text-editor.default\">\n\t\t\t\t<div class=\"elementor-widget-container\">\n\t\t\t<style>\/*! elementor - v3.19.0 - 28-02-2024 *\/\n.elementor-widget-text-editor.elementor-drop-cap-view-stacked .elementor-drop-cap{background-color:#69727d;color:#fff}.elementor-widget-text-editor.elementor-drop-cap-view-framed .elementor-drop-cap{color:#69727d;border:3px solid;background-color:transparent}.elementor-widget-text-editor:not(.elementor-drop-cap-view-default) .elementor-drop-cap{margin-top:8px}.elementor-widget-text-editor:not(.elementor-drop-cap-view-default) .elementor-drop-cap-letter{width:1em;height:1em}.elementor-widget-text-editor .elementor-drop-cap{float:left;text-align:center;line-height:1;font-size:50px}.elementor-widget-text-editor .elementor-drop-cap-letter{display:inline-block}<\/style>\t\t\t\tAbruzzen: Gr\u00fcne Region Europas\t\t\t\t\t\t<\/div>\n\t\t\t\t<\/div>\n\t\t\t\t<div class=\"elementor-element elementor-element-57ddd30 elementor-widget elementor-widget-heading\" data-id=\"57ddd30\" data-element_type=\"widget\" data-widget_type=\"heading.default\">\n\t\t\t\t<div class=\"elementor-widget-container\">\n\t\t\t<h6 class=\"elementor-heading-title elementor-size-default\">DIE NATUR<\/h6>\t\t<\/div>\n\t\t\t\t<\/div>\n\t\t\t\t<div class=\"elementor-element elementor-element-16f841b5 elementor-widget__width-initial elementor-widget elementor-widget-text-editor\" data-id=\"16f841b5\" data-element_type=\"widget\" data-widget_type=\"text-editor.default\">\n\t\t\t\t<div class=\"elementor-widget-container\">\n\t\t\t\t\t\t\t\t\t\t\t\t\t<\/div>\n\t\t\t\t<\/div>\n\t\t\t\t<div class=\"elementor-element elementor-element-0581bdd elementor-widget elementor-widget-text-editor\" data-id=\"0581bdd\" data-element_type=\"widget\" data-widget_type=\"text-editor.default\">\n\t\t\t\t<div class=\"elementor-widget-container\">\n\t\t\t\t\t\t\t<p style=\"text-align: left;\"><strong>Die Abruzzen<\/strong> werden als \u201e<strong>Gr\u00fcne Region Europas<\/strong>\u201c bezeichnet, und es ist kein Zufall, dass sie zu \u00fcber einem Drittel unter Naturschutz steht der Oberfl\u00e4che.<\/p><p style=\"text-align: left;\">B\u00e4ren und G\u00e4msen, Felsw\u00e4nde und W\u00e4lder, sanfte H\u00fcgellandschaften und herrliche Sandstr\u00e4nde. Zwischen den hohen Gipfeln von <strong>Gran Sasso<\/strong>, <strong>Majella<\/strong> und <strong>Velino<\/strong> und der goldenen Linie der K\u00fcste bietet die Natur der Abruzzen ein Bild von gro\u00dfer Vielfalt und Charme, den man zu jeder Jahreszeit genie\u00dfen kann.<\/p><p style=\"text-align: left;\">Dank der <strong>Nationalparks<\/strong>, einem dichten Netz von Reservaten und Naturoasen, ist die <strong>Natur der Abruzzen<\/strong> heute ausreichend gesch\u00fctzt und kann sowohl von einzelnen Enthusiasten als auch von organisierten Gruppen leicht besucht werden.<\/p>\t\t\t\t\t\t<\/div>\n\t\t\t\t<\/div>\n\t\t\t\t<div class=\"elementor-element elementor-element-2432570 elementor-widget elementor-widget-mfn_gallery\" data-id=\"2432570\" data-element_type=\"widget\" data-widget_type=\"mfn_gallery.default\">\n\t\t\t\t<div class=\"elementor-widget-container\">\n\t\t\t\n\t\t\t<style type='text\/css'>\n\t\t\t\t#sc_gallery-1 {\n\t\t\t\t\tmargin: auto;\n\t\t\t\t}\n\t\t\t\t#sc_gallery-1 .gallery-item {\n\t\t\t\t\tfloat: left;\n\t\t\t\t\ttext-align: center;\n\t\t\t\t\twidth: 49.99%;\n\t\t\t\t}\n\t\t\t\t#sc_gallery-1 img {\n\t\t\t\t\tborder: 2px solid #cfcfcf;\n\t\t\t\t}\n\t\t\t\t\/* see sc_gallery() in functions\/theme-shortcodes.php *\/\n\t\t\t<\/style>\n\t\t<div id='sc_gallery-1' class='gallery galleryid-4837 gallery-columns-2 gallery-size-thumbnail file gallery-default'><dl class='gallery-item' data-title='abruzzo_02' data-description=''><div class='gallery-item-wrapper'>\n\t\t\t\t<dt class='gallery-icon landscape'>\n\t\t\t\t\t<a href='https:\/\/www.residencecosta.it\/wp-content\/uploads\/2024\/03\/abruzzo_02.jpg'><img fetchpriority=\"high\" decoding=\"async\" width=\"300\" height=\"188\" src=\"https:\/\/www.residencecosta.it\/wp-content\/uploads\/2024\/03\/abruzzo_02-300x188.jpg\" class=\"attachment-thumbnail size-thumbnail\" alt=\"\" srcset=\"https:\/\/www.residencecosta.it\/wp-content\/uploads\/2024\/03\/abruzzo_02-300x188.jpg 300w, https:\/\/www.residencecosta.it\/wp-content\/uploads\/2024\/03\/abruzzo_02-500x313.jpg 500w, https:\/\/www.residencecosta.it\/wp-content\/uploads\/2024\/03\/abruzzo_02-120x75.jpg 120w, https:\/\/www.residencecosta.it\/wp-content\/uploads\/2024\/03\/abruzzo_02-480x300.jpg 480w, https:\/\/www.residencecosta.it\/wp-content\/uploads\/2024\/03\/abruzzo_02.jpg 700w\" sizes=\"(max-width:767px) 300px, 300px\" \/><\/a>\n\t\t\t\t<\/dt><\/div><\/dl><dl class='gallery-item' data-title='abruzzo_03' data-description=''><div class='gallery-item-wrapper'>\n\t\t\t\t<dt class='gallery-icon landscape'>\n\t\t\t\t\t<a href='https:\/\/www.residencecosta.it\/wp-content\/uploads\/2024\/03\/abruzzo_03.jpg'><img decoding=\"async\" width=\"300\" height=\"225\" src=\"https:\/\/www.residencecosta.it\/wp-content\/uploads\/2024\/03\/abruzzo_03-300x225.jpg\" class=\"attachment-thumbnail size-thumbnail\" alt=\"\" srcset=\"https:\/\/www.residencecosta.it\/wp-content\/uploads\/2024\/03\/abruzzo_03-300x225.jpg 300w, https:\/\/www.residencecosta.it\/wp-content\/uploads\/2024\/03\/abruzzo_03-500x375.jpg 500w, https:\/\/www.residencecosta.it\/wp-content\/uploads\/2024\/03\/abruzzo_03-100x75.jpg 100w, https:\/\/www.residencecosta.it\/wp-content\/uploads\/2024\/03\/abruzzo_03-480x360.jpg 480w, https:\/\/www.residencecosta.it\/wp-content\/uploads\/2024\/03\/abruzzo_03.jpg 700w\" sizes=\"(max-width:767px) 300px, 300px\" \/><\/a>\n\t\t\t\t<\/dt><\/div><\/dl><br style=\"clear: both\" \/><dl class='gallery-item' data-title='abruzzo_04' data-description=''><div class='gallery-item-wrapper'>\n\t\t\t\t<dt class='gallery-icon landscape'>\n\t\t\t\t\t<a href='https:\/\/www.residencecosta.it\/wp-content\/uploads\/2024\/03\/abruzzo_04.jpg'><img decoding=\"async\" width=\"300\" height=\"246\" src=\"https:\/\/www.residencecosta.it\/wp-content\/uploads\/2024\/03\/abruzzo_04-300x246.jpg\" class=\"attachment-thumbnail size-thumbnail\" alt=\"\" srcset=\"https:\/\/www.residencecosta.it\/wp-content\/uploads\/2024\/03\/abruzzo_04-300x246.jpg 300w, https:\/\/www.residencecosta.it\/wp-content\/uploads\/2024\/03\/abruzzo_04-500x410.jpg 500w, https:\/\/www.residencecosta.it\/wp-content\/uploads\/2024\/03\/abruzzo_04-91x75.jpg 91w, https:\/\/www.residencecosta.it\/wp-content\/uploads\/2024\/03\/abruzzo_04-480x394.jpg 480w, https:\/\/www.residencecosta.it\/wp-content\/uploads\/2024\/03\/abruzzo_04.jpg 700w\" sizes=\"(max-width:767px) 300px, 300px\" \/><\/a>\n\t\t\t\t<\/dt><\/div><\/dl><dl class='gallery-item' data-title='abruzzo_18' data-description=''><div class='gallery-item-wrapper'>\n\t\t\t\t<dt class='gallery-icon landscape'>\n\t\t\t\t\t<a href='https:\/\/www.residencecosta.it\/wp-content\/uploads\/2024\/03\/abruzzo_18.jpg'><img loading=\"lazy\" decoding=\"async\" width=\"300\" height=\"220\" src=\"https:\/\/www.residencecosta.it\/wp-content\/uploads\/2024\/03\/abruzzo_18-300x220.jpg\" class=\"attachment-thumbnail size-thumbnail\" alt=\"\" srcset=\"https:\/\/www.residencecosta.it\/wp-content\/uploads\/2024\/03\/abruzzo_18-300x220.jpg 300w, https:\/\/www.residencecosta.it\/wp-content\/uploads\/2024\/03\/abruzzo_18-500x366.jpg 500w, https:\/\/www.residencecosta.it\/wp-content\/uploads\/2024\/03\/abruzzo_18-768x562.jpg 768w, https:\/\/www.residencecosta.it\/wp-content\/uploads\/2024\/03\/abruzzo_18-102x75.jpg 102w, https:\/\/www.residencecosta.it\/wp-content\/uploads\/2024\/03\/abruzzo_18-480x351.jpg 480w, https:\/\/www.residencecosta.it\/wp-content\/uploads\/2024\/03\/abruzzo_18.jpg 1012w\" sizes=\"(max-width:767px) 300px, 300px\" \/><\/a>\n\t\t\t\t<\/dt><\/div><\/dl><br style=\"clear: both\" \/>\n\t\t\t<\/div>\n\t\t<\/div>\n\t\t\t\t<\/div>\n\t\t\t\t\t<\/div>\n\t\t<\/div>\n\t\t\t\t<div class=\"elementor-column elementor-col-50 elementor-inner-column elementor-element elementor-element-1125aac9 elementor-hidden-mobile\" data-id=\"1125aac9\" data-element_type=\"column\" data-settings=\"{&quot;background_background&quot;:&quot;classic&quot;}\">\n\t\t\t<div class=\"elementor-widget-wrap elementor-element-populated\">\n\t\t\t\t\t\t<div class=\"elementor-element elementor-element-19a552b9 elementor-widget elementor-widget-spacer\" data-id=\"19a552b9\" data-element_type=\"widget\" data-widget_type=\"spacer.default\">\n\t\t\t\t<div class=\"elementor-widget-container\">\n\t\t\t<style>\/*! elementor - v3.19.0 - 28-02-2024 *\/\n.elementor-column .elementor-spacer-inner{height:var(--spacer-size)}.e-con{--container-widget-width:100%}.e-con-inner>.elementor-widget-spacer,.e-con>.elementor-widget-spacer{width:var(--container-widget-width,var(--spacer-size));--align-self:var(--container-widget-align-self,initial);--flex-shrink:0}.e-con-inner>.elementor-widget-spacer>.elementor-widget-container,.e-con>.elementor-widget-spacer>.elementor-widget-container{height:100%;width:100%}.e-con-inner>.elementor-widget-spacer>.elementor-widget-container>.elementor-spacer,.e-con>.elementor-widget-spacer>.elementor-widget-container>.elementor-spacer{height:100%}.e-con-inner>.elementor-widget-spacer>.elementor-widget-container>.elementor-spacer>.elementor-spacer-inner,.e-con>.elementor-widget-spacer>.elementor-widget-container>.elementor-spacer>.elementor-spacer-inner{height:var(--container-widget-height,var(--spacer-size))}.e-con-inner>.elementor-widget-spacer.elementor-widget-empty,.e-con>.elementor-widget-spacer.elementor-widget-empty{position:relative;min-height:22px;min-width:22px}.e-con-inner>.elementor-widget-spacer.elementor-widget-empty .elementor-widget-empty-icon,.e-con>.elementor-widget-spacer.elementor-widget-empty .elementor-widget-empty-icon{position:absolute;top:0;bottom:0;left:0;right:0;margin:auto;padding:0;width:22px;height:22px}<\/style>\t\t<div class=\"elementor-spacer\">\n\t\t\t<div class=\"elementor-spacer-inner\"><\/div>\n\t\t<\/div>\n\t\t\t\t<\/div>\n\t\t\t\t<\/div>\n\t\t\t\t\t<\/div>\n\t\t<\/div>\n\t\t\t\t\t<\/div>\n\t\t<\/section>\n\t\t\t\t<section class=\"elementor-section elementor-top-section elementor-element elementor-element-049fb5b elementor-section-full_width elementor-section-height-default elementor-section-height-default\" data-id=\"049fb5b\" data-element_type=\"section\">\n\t\t\t\t\t\t<div class=\"elementor-container elementor-column-gap-wider\">\n\t\t\t\t\t<div class=\"elementor-column elementor-col-50 elementor-inner-column elementor-element elementor-element-17970404\" data-id=\"17970404\" data-element_type=\"column\" data-settings=\"{&quot;background_background&quot;:&quot;classic&quot;}\">\n\t\t\t<div class=\"elementor-widget-wrap elementor-element-populated\">\n\t\t\t\t\t\t<div class=\"elementor-element elementor-element-912c6ef elementor-widget elementor-widget-spacer\" data-id=\"912c6ef\" data-element_type=\"widget\" data-widget_type=\"spacer.default\">\n\t\t\t\t<div class=\"elementor-widget-container\">\n\t\t\t\t\t<div class=\"elementor-spacer\">\n\t\t\t<div class=\"elementor-spacer-inner\"><\/div>\n\t\t<\/div>\n\t\t\t\t<\/div>\n\t\t\t\t<\/div>\n\t\t\t\t\t<\/div>\n\t\t<\/div>\n\t\t\t\t<div class=\"elementor-column elementor-col-50 elementor-inner-column elementor-element elementor-element-248d4ae6\" data-id=\"248d4ae6\" data-element_type=\"column\">\n\t\t\t<div class=\"elementor-widget-wrap elementor-element-populated\">\n\t\t\t\t\t\t<div class=\"elementor-element elementor-element-73160a7 elementor-widget elementor-widget-text-editor\" data-id=\"73160a7\" data-element_type=\"widget\" data-widget_type=\"text-editor.default\">\n\t\t\t\t<div class=\"elementor-widget-container\">\n\t\t\t\t\t\t\tKilometer Strand, Felsen und\nsehr feiner Sand\t\t\t\t\t\t<\/div>\n\t\t\t\t<\/div>\n\t\t\t\t<div class=\"elementor-element elementor-element-26e795c elementor-widget elementor-widget-heading\" data-id=\"26e795c\" data-element_type=\"widget\" data-widget_type=\"heading.default\">\n\t\t\t\t<div class=\"elementor-widget-container\">\n\t\t\t<h6 class=\"elementor-heading-title elementor-size-default\">DAS MEER<\/h6>\t\t<\/div>\n\t\t\t\t<\/div>\n\t\t\t\t<div class=\"elementor-element elementor-element-45dc310 elementor-widget elementor-widget-text-editor\" data-id=\"45dc310\" data-element_type=\"widget\" data-widget_type=\"text-editor.default\">\n\t\t\t\t<div class=\"elementor-widget-container\">\n\t\t\t\t\t\t\t<p style=\"text-align: left;\">Kilometerlange Str\u00e4nde, Felsen und feiner Sand f\u00fcr einen <strong>Urlaub, der zum Staunen,<\/strong> Entspannen und Auftanken einl\u00e4dt.<\/p>\n<p style=\"text-align: left;\">Die <strong>Abruzzenk\u00fcste<\/strong> ist aufgrund der Ruhe eine der <strong>wichtigsten und beliebtesten Touristenattraktionen der Region<\/strong> Str\u00e4nde und die Landschaft, das klare Wasser, die s\u00fc\u00dfen Pinienw\u00e4lder und die saubere Luft.<\/p>\n<p style=\"text-align: left;\">Mit dem Einbruch der Nacht \u00e4ndert sich an der K\u00fcste der Gang: Die lebhaften \u201eAdria-N\u00e4chte\u201c machen sich auf den Weg, die Clubs erwachen bis zum ersten Morgengrauen zum Vergn\u00fcgen der Jugend Personen allen Alters.\nWer einen sportlichen Urlaub sucht, kann Segeln, Windsurfen, Kanufahren und Angeln gehen.<\/p>\t\t\t\t\t\t<\/div>\n\t\t\t\t<\/div>\n\t\t\t\t<div class=\"elementor-element elementor-element-5c9af2d elementor-widget elementor-widget-mfn_gallery\" data-id=\"5c9af2d\" data-element_type=\"widget\" data-widget_type=\"mfn_gallery.default\">\n\t\t\t\t<div class=\"elementor-widget-container\">\n\t\t\t\n\t\t\t<style type='text\/css'>\n\t\t\t\t#sc_gallery-2 {\n\t\t\t\t\tmargin: auto;\n\t\t\t\t}\n\t\t\t\t#sc_gallery-2 .gallery-item {\n\t\t\t\t\tfloat: left;\n\t\t\t\t\ttext-align: center;\n\t\t\t\t\twidth: 49.99%;\n\t\t\t\t}\n\t\t\t\t#sc_gallery-2 img {\n\t\t\t\t\tborder: 2px solid #cfcfcf;\n\t\t\t\t}\n\t\t\t\t\/* see sc_gallery() in functions\/theme-shortcodes.php *\/\n\t\t\t<\/style>\n\t\t<div id='sc_gallery-2' class='gallery galleryid-4837 gallery-columns-2 gallery-size-thumbnail file gallery-default'><dl class='gallery-item' data-title='abruzzo_05' data-description=''><div class='gallery-item-wrapper'>\n\t\t\t\t<dt class='gallery-icon landscape'>\n\t\t\t\t\t<a href='https:\/\/www.residencecosta.it\/wp-content\/uploads\/2024\/03\/abruzzo_05-1.jpg'><img loading=\"lazy\" decoding=\"async\" width=\"300\" height=\"183\" src=\"https:\/\/www.residencecosta.it\/wp-content\/uploads\/2024\/03\/abruzzo_05-1-300x183.jpg\" class=\"attachment-thumbnail size-thumbnail\" alt=\"\" srcset=\"https:\/\/www.residencecosta.it\/wp-content\/uploads\/2024\/03\/abruzzo_05-1-300x183.jpg 300w, https:\/\/www.residencecosta.it\/wp-content\/uploads\/2024\/03\/abruzzo_05-1-500x304.jpg 500w, https:\/\/www.residencecosta.it\/wp-content\/uploads\/2024\/03\/abruzzo_05-1-123x75.jpg 123w, https:\/\/www.residencecosta.it\/wp-content\/uploads\/2024\/03\/abruzzo_05-1-480x292.jpg 480w, https:\/\/www.residencecosta.it\/wp-content\/uploads\/2024\/03\/abruzzo_05-1.jpg 700w\" sizes=\"(max-width:767px) 300px, 300px\" \/><\/a>\n\t\t\t\t<\/dt><\/div><\/dl><dl class='gallery-item' data-title='abruzzo_06' data-description=''><div class='gallery-item-wrapper'>\n\t\t\t\t<dt class='gallery-icon portrait'>\n\t\t\t\t\t<a href='https:\/\/www.residencecosta.it\/wp-content\/uploads\/2024\/03\/abruzzo_06-1.jpg'><img loading=\"lazy\" decoding=\"async\" width=\"216\" height=\"300\" src=\"https:\/\/www.residencecosta.it\/wp-content\/uploads\/2024\/03\/abruzzo_06-1-216x300.jpg\" class=\"attachment-thumbnail size-thumbnail\" alt=\"\" srcset=\"https:\/\/www.residencecosta.it\/wp-content\/uploads\/2024\/03\/abruzzo_06-1-216x300.jpg 216w, https:\/\/www.residencecosta.it\/wp-content\/uploads\/2024\/03\/abruzzo_06-1-359x500.jpg 359w, https:\/\/www.residencecosta.it\/wp-content\/uploads\/2024\/03\/abruzzo_06-1-54x75.jpg 54w, https:\/\/www.residencecosta.it\/wp-content\/uploads\/2024\/03\/abruzzo_06-1.jpg 431w\" sizes=\"(max-width:767px) 216px, 216px\" \/><\/a>\n\t\t\t\t<\/dt><\/div><\/dl><br style=\"clear: both\" \/><dl class='gallery-item' data-title='alba_18' data-description=''><div class='gallery-item-wrapper'>\n\t\t\t\t<dt class='gallery-icon landscape'>\n\t\t\t\t\t<a href='https:\/\/www.residencecosta.it\/wp-content\/uploads\/2024\/03\/alba_18-1.jpg'><img loading=\"lazy\" decoding=\"async\" width=\"300\" height=\"180\" src=\"https:\/\/www.residencecosta.it\/wp-content\/uploads\/2024\/03\/alba_18-1-300x180.jpg\" class=\"attachment-thumbnail size-thumbnail\" alt=\"\" srcset=\"https:\/\/www.residencecosta.it\/wp-content\/uploads\/2024\/03\/alba_18-1-300x180.jpg 300w, https:\/\/www.residencecosta.it\/wp-content\/uploads\/2024\/03\/alba_18-1-500x300.jpg 500w, https:\/\/www.residencecosta.it\/wp-content\/uploads\/2024\/03\/alba_18-1-125x75.jpg 125w, https:\/\/www.residencecosta.it\/wp-content\/uploads\/2024\/03\/alba_18-1-480x288.jpg 480w, https:\/\/www.residencecosta.it\/wp-content\/uploads\/2024\/03\/alba_18-1.jpg 634w\" sizes=\"(max-width:767px) 300px, 300px\" \/><\/a>\n\t\t\t\t<\/dt><\/div><\/dl><dl class='gallery-item' data-title='alba_10' data-description=''><div class='gallery-item-wrapper'>\n\t\t\t\t<dt class='gallery-icon landscape'>\n\t\t\t\t\t<a href='https:\/\/www.residencecosta.it\/wp-content\/uploads\/2024\/03\/alba_10-1.jpg'><img loading=\"lazy\" decoding=\"async\" width=\"300\" height=\"201\" src=\"https:\/\/www.residencecosta.it\/wp-content\/uploads\/2024\/03\/alba_10-1-300x201.jpg\" class=\"attachment-thumbnail size-thumbnail\" alt=\"\" srcset=\"https:\/\/www.residencecosta.it\/wp-content\/uploads\/2024\/03\/alba_10-1-300x201.jpg 300w, https:\/\/www.residencecosta.it\/wp-content\/uploads\/2024\/03\/alba_10-1-500x334.jpg 500w, https:\/\/www.residencecosta.it\/wp-content\/uploads\/2024\/03\/alba_10-1-112x75.jpg 112w, https:\/\/www.residencecosta.it\/wp-content\/uploads\/2024\/03\/alba_10-1-480x321.jpg 480w, https:\/\/www.residencecosta.it\/wp-content\/uploads\/2024\/03\/alba_10-1.jpg 700w\" sizes=\"(max-width:767px) 300px, 300px\" \/><\/a>\n\t\t\t\t<\/dt><\/div><\/dl><br style=\"clear: both\" \/>\n\t\t\t<\/div>\n\t\t<\/div>\n\t\t\t\t<\/div>\n\t\t\t\t\t<\/div>\n\t\t<\/div>\n\t\t\t\t\t<\/div>\n\t\t<\/section>\n\t\t\t\t<section class=\"elementor-section elementor-top-section elementor-element elementor-element-6cf4dbd elementor-section-full_width elementor-section-height-default elementor-section-height-default\" data-id=\"6cf4dbd\" data-element_type=\"section\">\n\t\t\t\t\t\t<div class=\"elementor-container elementor-column-gap-wider\">\n\t\t\t\t\t<div class=\"elementor-column elementor-col-50 elementor-inner-column elementor-element elementor-element-6d39e6f\" data-id=\"6d39e6f\" data-element_type=\"column\">\n\t\t\t<div class=\"elementor-widget-wrap elementor-element-populated\">\n\t\t\t\t\t\t<div class=\"elementor-element elementor-element-1554c62 elementor-widget elementor-widget-text-editor\" data-id=\"1554c62\" data-element_type=\"widget\" data-widget_type=\"text-editor.default\">\n\t\t\t\t<div class=\"elementor-widget-container\">\n\t\t\t\t\t\t\t<p>Ein immenses kulturelles Erbe<\/p>\t\t\t\t\t\t<\/div>\n\t\t\t\t<\/div>\n\t\t\t\t<div class=\"elementor-element elementor-element-3a74da8 elementor-widget elementor-widget-heading\" data-id=\"3a74da8\" data-element_type=\"widget\" data-widget_type=\"heading.default\">\n\t\t\t\t<div class=\"elementor-widget-container\">\n\t\t\t<h6 class=\"elementor-heading-title elementor-size-default\">KUNST UND ARCHITEKTUR<\/h6>\t\t<\/div>\n\t\t\t\t<\/div>\n\t\t\t\t<div class=\"elementor-element elementor-element-a60d611 elementor-widget__width-initial elementor-widget elementor-widget-text-editor\" data-id=\"a60d611\" data-element_type=\"widget\" data-widget_type=\"text-editor.default\">\n\t\t\t\t<div class=\"elementor-widget-container\">\n\t\t\t\t\t\t\t\t\t\t\t\t\t<\/div>\n\t\t\t\t<\/div>\n\t\t\t\t<div class=\"elementor-element elementor-element-0914152 elementor-widget elementor-widget-text-editor\" data-id=\"0914152\" data-element_type=\"widget\" data-widget_type=\"text-editor.default\">\n\t\t\t\t<div class=\"elementor-widget-container\">\n\t\t\t\t\t\t\tRomanische Kirchen und Burgen, antike Nekropolen und Museen, Einsiedeleien und befestigte D\u00f6rfer. Zwischen den Bergen und dem Meer erwartet den Besucher, der durch die Abruzzen reist, eine reiche Auswahl an Kunstwerken und Denkm\u00e4lern.\n\nNeben ber\u00fchmten Denkm\u00e4lern und Sammlungen wie <strong>S.Maria di Collemaggio<\/strong>, den antiken Stra\u00dfen von <strong>Scanno<\/strong>, dem <strong>Nationalen Arch\u00e4ologischen Museum von Chieti<\/strong> und <strong> Rocca Calascio, Dutzende weniger bekannte Wunder, die in jeder Ecke der Region verstreut sind, begeistern den Reisenden.<\/strong>\n\nDie Abruzzen waren der Geburtsort des Dichters <strong>D&#8217;Annunzio<\/strong>, von Schriftstellern und Philosophen wie <strong>Silone<\/strong> und <strong>Croce<\/strong>, Malern wie <strong>Michetti<\/strong>, <strong>Palizzi<\/strong> und <strong>Cascella<\/strong> und viele andere K\u00fcnstler.\t\t\t\t\t\t<\/div>\n\t\t\t\t<\/div>\n\t\t\t\t<div class=\"elementor-element elementor-element-a823860 elementor-widget elementor-widget-mfn_gallery\" data-id=\"a823860\" data-element_type=\"widget\" data-widget_type=\"mfn_gallery.default\">\n\t\t\t\t<div class=\"elementor-widget-container\">\n\t\t\t\n\t\t\t<style type='text\/css'>\n\t\t\t\t#sc_gallery-3 {\n\t\t\t\t\tmargin: auto;\n\t\t\t\t}\n\t\t\t\t#sc_gallery-3 .gallery-item {\n\t\t\t\t\tfloat: left;\n\t\t\t\t\ttext-align: center;\n\t\t\t\t\twidth: 49.99%;\n\t\t\t\t}\n\t\t\t\t#sc_gallery-3 img {\n\t\t\t\t\tborder: 2px solid #cfcfcf;\n\t\t\t\t}\n\t\t\t\t\/* see sc_gallery() in functions\/theme-shortcodes.php *\/\n\t\t\t<\/style>\n\t\t<div id='sc_gallery-3' class='gallery galleryid-4837 gallery-columns-2 gallery-size-thumbnail file gallery-default'><dl class='gallery-item' data-title='abruzzo_22' data-description=''><div class='gallery-item-wrapper'>\n\t\t\t\t<dt class='gallery-icon landscape'>\n\t\t\t\t\t<a href='https:\/\/www.residencecosta.it\/wp-content\/uploads\/2024\/03\/abruzzo_22-1.jpg'><img loading=\"lazy\" decoding=\"async\" width=\"300\" height=\"220\" src=\"https:\/\/www.residencecosta.it\/wp-content\/uploads\/2024\/03\/abruzzo_22-1-300x220.jpg\" class=\"attachment-thumbnail size-thumbnail\" alt=\"\" srcset=\"https:\/\/www.residencecosta.it\/wp-content\/uploads\/2024\/03\/abruzzo_22-1-300x220.jpg 300w, https:\/\/www.residencecosta.it\/wp-content\/uploads\/2024\/03\/abruzzo_22-1-500x366.jpg 500w, https:\/\/www.residencecosta.it\/wp-content\/uploads\/2024\/03\/abruzzo_22-1-768x562.jpg 768w, https:\/\/www.residencecosta.it\/wp-content\/uploads\/2024\/03\/abruzzo_22-1-102x75.jpg 102w, https:\/\/www.residencecosta.it\/wp-content\/uploads\/2024\/03\/abruzzo_22-1-480x351.jpg 480w, https:\/\/www.residencecosta.it\/wp-content\/uploads\/2024\/03\/abruzzo_22-1.jpg 1012w\" sizes=\"(max-width:767px) 300px, 300px\" \/><\/a>\n\t\t\t\t<\/dt><\/div><\/dl><dl class='gallery-item' data-title='abruzzo_08' data-description=''><div class='gallery-item-wrapper'>\n\t\t\t\t<dt class='gallery-icon landscape'>\n\t\t\t\t\t<a href='https:\/\/www.residencecosta.it\/wp-content\/uploads\/2024\/03\/abruzzo_08-1.jpg'><img loading=\"lazy\" decoding=\"async\" width=\"300\" height=\"225\" src=\"https:\/\/www.residencecosta.it\/wp-content\/uploads\/2024\/03\/abruzzo_08-1-300x225.jpg\" class=\"attachment-thumbnail size-thumbnail\" alt=\"\" srcset=\"https:\/\/www.residencecosta.it\/wp-content\/uploads\/2024\/03\/abruzzo_08-1-300x225.jpg 300w, https:\/\/www.residencecosta.it\/wp-content\/uploads\/2024\/03\/abruzzo_08-1-500x374.jpg 500w, https:\/\/www.residencecosta.it\/wp-content\/uploads\/2024\/03\/abruzzo_08-1-100x75.jpg 100w, https:\/\/www.residencecosta.it\/wp-content\/uploads\/2024\/03\/abruzzo_08-1-480x359.jpg 480w, https:\/\/www.residencecosta.it\/wp-content\/uploads\/2024\/03\/abruzzo_08-1.jpg 700w\" sizes=\"(max-width:767px) 300px, 300px\" \/><\/a>\n\t\t\t\t<\/dt><\/div><\/dl><br style=\"clear: both\" \/><dl class='gallery-item' data-title='abruzzo_09' data-description=''><div class='gallery-item-wrapper'>\n\t\t\t\t<dt class='gallery-icon landscape'>\n\t\t\t\t\t<a href='https:\/\/www.residencecosta.it\/wp-content\/uploads\/2024\/03\/abruzzo_09-1.jpg'><img loading=\"lazy\" decoding=\"async\" width=\"300\" height=\"225\" src=\"https:\/\/www.residencecosta.it\/wp-content\/uploads\/2024\/03\/abruzzo_09-1-300x225.jpg\" class=\"attachment-thumbnail size-thumbnail\" alt=\"\" srcset=\"https:\/\/www.residencecosta.it\/wp-content\/uploads\/2024\/03\/abruzzo_09-1-300x225.jpg 300w, https:\/\/www.residencecosta.it\/wp-content\/uploads\/2024\/03\/abruzzo_09-1-500x375.jpg 500w, https:\/\/www.residencecosta.it\/wp-content\/uploads\/2024\/03\/abruzzo_09-1-100x75.jpg 100w, https:\/\/www.residencecosta.it\/wp-content\/uploads\/2024\/03\/abruzzo_09-1-480x360.jpg 480w, https:\/\/www.residencecosta.it\/wp-content\/uploads\/2024\/03\/abruzzo_09-1.jpg 700w\" sizes=\"(max-width:767px) 300px, 300px\" \/><\/a>\n\t\t\t\t<\/dt><\/div><\/dl><dl class='gallery-item' data-title='abruzzo_10' data-description=''><div class='gallery-item-wrapper'>\n\t\t\t\t<dt class='gallery-icon portrait'>\n\t\t\t\t\t<a href='https:\/\/www.residencecosta.it\/wp-content\/uploads\/2024\/03\/abruzzo_10-1.jpg'><img loading=\"lazy\" decoding=\"async\" width=\"225\" height=\"300\" src=\"https:\/\/www.residencecosta.it\/wp-content\/uploads\/2024\/03\/abruzzo_10-1-225x300.jpg\" class=\"attachment-thumbnail size-thumbnail\" alt=\"\" srcset=\"https:\/\/www.residencecosta.it\/wp-content\/uploads\/2024\/03\/abruzzo_10-1-225x300.jpg 225w, https:\/\/www.residencecosta.it\/wp-content\/uploads\/2024\/03\/abruzzo_10-1-375x500.jpg 375w, https:\/\/www.residencecosta.it\/wp-content\/uploads\/2024\/03\/abruzzo_10-1-56x75.jpg 56w, https:\/\/www.residencecosta.it\/wp-content\/uploads\/2024\/03\/abruzzo_10-1.jpg 412w\" sizes=\"(max-width:767px) 225px, 225px\" \/><\/a>\n\t\t\t\t<\/dt><\/div><\/dl><br style=\"clear: both\" \/>\n\t\t\t<\/div>\n\t\t<\/div>\n\t\t\t\t<\/div>\n\t\t\t\t\t<\/div>\n\t\t<\/div>\n\t\t\t\t<div class=\"elementor-column elementor-col-50 elementor-inner-column elementor-element elementor-element-2b72931 elementor-hidden-mobile\" data-id=\"2b72931\" data-element_type=\"column\" data-settings=\"{&quot;background_background&quot;:&quot;classic&quot;}\">\n\t\t\t<div class=\"elementor-widget-wrap elementor-element-populated\">\n\t\t\t\t\t\t<div class=\"elementor-element elementor-element-6389ddc elementor-widget elementor-widget-spacer\" data-id=\"6389ddc\" data-element_type=\"widget\" data-widget_type=\"spacer.default\">\n\t\t\t\t<div class=\"elementor-widget-container\">\n\t\t\t\t\t<div class=\"elementor-spacer\">\n\t\t\t<div class=\"elementor-spacer-inner\"><\/div>\n\t\t<\/div>\n\t\t\t\t<\/div>\n\t\t\t\t<\/div>\n\t\t\t\t\t<\/div>\n\t\t<\/div>\n\t\t\t\t\t<\/div>\n\t\t<\/section>\n\t\t\t\t<section class=\"elementor-section elementor-top-section elementor-element elementor-element-7ff95bf elementor-section-full_width elementor-section-height-default elementor-section-height-default\" data-id=\"7ff95bf\" data-element_type=\"section\">\n\t\t\t\t\t\t<div class=\"elementor-container elementor-column-gap-wider\">\n\t\t\t\t\t<div class=\"elementor-column elementor-col-50 elementor-inner-column elementor-element elementor-element-737562a\" data-id=\"737562a\" data-element_type=\"column\" data-settings=\"{&quot;background_background&quot;:&quot;classic&quot;}\">\n\t\t\t<div class=\"elementor-widget-wrap elementor-element-populated\">\n\t\t\t\t\t\t<div class=\"elementor-element elementor-element-75d8e6f elementor-widget elementor-widget-spacer\" data-id=\"75d8e6f\" data-element_type=\"widget\" data-widget_type=\"spacer.default\">\n\t\t\t\t<div class=\"elementor-widget-container\">\n\t\t\t\t\t<div class=\"elementor-spacer\">\n\t\t\t<div class=\"elementor-spacer-inner\"><\/div>\n\t\t<\/div>\n\t\t\t\t<\/div>\n\t\t\t\t<\/div>\n\t\t\t\t\t<\/div>\n\t\t<\/div>\n\t\t\t\t<div class=\"elementor-column elementor-col-50 elementor-inner-column elementor-element elementor-element-9528452\" data-id=\"9528452\" data-element_type=\"column\">\n\t\t\t<div class=\"elementor-widget-wrap elementor-element-populated\">\n\t\t\t\t\t\t<div class=\"elementor-element elementor-element-8782e2c elementor-widget elementor-widget-text-editor\" data-id=\"8782e2c\" data-element_type=\"widget\" data-widget_type=\"text-editor.default\">\n\t\t\t\t<div class=\"elementor-widget-container\">\n\t\t\t\t\t\t\t<p>In den Abruzzen hat die Handwerkskunst weit entfernte Wurzeln<\/p>\t\t\t\t\t\t<\/div>\n\t\t\t\t<\/div>\n\t\t\t\t<div class=\"elementor-element elementor-element-63c8a6e elementor-widget elementor-widget-heading\" data-id=\"63c8a6e\" data-element_type=\"widget\" data-widget_type=\"heading.default\">\n\t\t\t\t<div class=\"elementor-widget-container\">\n\t\t\t<h6 class=\"elementor-heading-title elementor-size-default\">HANDWERK, TYPISCHE PRODUKTE UND K\u00dcCHE<\/h6>\t\t<\/div>\n\t\t\t\t<\/div>\n\t\t\t\t<div class=\"elementor-element elementor-element-27545f8 elementor-widget elementor-widget-text-editor\" data-id=\"27545f8\" data-element_type=\"widget\" data-widget_type=\"text-editor.default\">\n\t\t\t\t<div class=\"elementor-widget-container\">\n\t\t\t\t\t\t\t<p>In den Abruzzen hat das Handwerk sehr weit entfernte Wurzeln. <strong>Jahrhunderte voller Geheimnisse, gro\u00dfer und kleiner Intuitionen<\/strong>, angetrieben von Bed\u00fcrfnissen und Leidenschaften, die vom Vater an den Sohn weitergegeben wurden.<\/p><p>Schmiedeeisen und Kupfer, edle Metalle mit aufw\u00e4ndiger filigraner Verarbeitung Edelh\u00f6lzer, Keramik und Stoffe sowie H\u00e4ute und H\u00e4ute werden in Gesch\u00e4ften ausgestellt, in denen sich die Atmosph\u00e4re vergangener Zeiten mit der Begeisterung neuer Generationen vermischt, die sich der <strong>Kunst dieses Handwerks<\/strong><br \/>bewusst sind.<br \/>Die <strong>einfachen und echten Produkte des Landes und des Meeres<\/strong> sind die authentischen Protagonisten der abruzzesischen K\u00fcche, mit nativem Oliven\u00f6l extra und gutem Wein. Eine appetitliche Geschmacksgalerie ber\u00fchmter Pasta, Safran und K\u00e4se, Wurstwaren und Milchprodukte, exquisites Fleisch, k\u00f6stliche und ganz besondere traditionelle S\u00fc\u00dfigkeiten, die in den Dorfl\u00e4den gekauft werden k\u00f6nnen.<\/p>\t\t\t\t\t\t<\/div>\n\t\t\t\t<\/div>\n\t\t\t\t<div class=\"elementor-element elementor-element-b16379e elementor-widget elementor-widget-mfn_gallery\" data-id=\"b16379e\" data-element_type=\"widget\" data-widget_type=\"mfn_gallery.default\">\n\t\t\t\t<div class=\"elementor-widget-container\">\n\t\t\t\n\t\t\t<style type='text\/css'>\n\t\t\t\t#sc_gallery-4 {\n\t\t\t\t\tmargin: auto;\n\t\t\t\t}\n\t\t\t\t#sc_gallery-4 .gallery-item {\n\t\t\t\t\tfloat: left;\n\t\t\t\t\ttext-align: center;\n\t\t\t\t\twidth: 49.99%;\n\t\t\t\t}\n\t\t\t\t#sc_gallery-4 img {\n\t\t\t\t\tborder: 2px solid #cfcfcf;\n\t\t\t\t}\n\t\t\t\t\/* see sc_gallery() in functions\/theme-shortcodes.php *\/\n\t\t\t<\/style>\n\t\t<div id='sc_gallery-4' class='gallery galleryid-4837 gallery-columns-2 gallery-size-thumbnail file gallery-default'><dl class='gallery-item' data-title='abruzzo_17' data-description=''><div class='gallery-item-wrapper'>\n\t\t\t\t<dt class='gallery-icon landscape'>\n\t\t\t\t\t<a href='https:\/\/www.residencecosta.it\/wp-content\/uploads\/2024\/03\/abruzzo_17.jpg'><img loading=\"lazy\" decoding=\"async\" width=\"300\" height=\"225\" src=\"https:\/\/www.residencecosta.it\/wp-content\/uploads\/2024\/03\/abruzzo_17-300x225.jpg\" class=\"attachment-thumbnail size-thumbnail\" alt=\"\" srcset=\"https:\/\/www.residencecosta.it\/wp-content\/uploads\/2024\/03\/abruzzo_17-300x225.jpg 300w, https:\/\/www.residencecosta.it\/wp-content\/uploads\/2024\/03\/abruzzo_17-500x375.jpg 500w, https:\/\/www.residencecosta.it\/wp-content\/uploads\/2024\/03\/abruzzo_17-100x75.jpg 100w, https:\/\/www.residencecosta.it\/wp-content\/uploads\/2024\/03\/abruzzo_17-480x360.jpg 480w, https:\/\/www.residencecosta.it\/wp-content\/uploads\/2024\/03\/abruzzo_17.jpg 700w\" sizes=\"(max-width:767px) 300px, 300px\" \/><\/a>\n\t\t\t\t<\/dt><\/div><\/dl><dl class='gallery-item' data-title='abruzzo_16' data-description=''><div class='gallery-item-wrapper'>\n\t\t\t\t<dt class='gallery-icon landscape'>\n\t\t\t\t\t<a href='https:\/\/www.residencecosta.it\/wp-content\/uploads\/2024\/03\/abruzzo_16.jpg'><img loading=\"lazy\" decoding=\"async\" width=\"300\" height=\"184\" src=\"https:\/\/www.residencecosta.it\/wp-content\/uploads\/2024\/03\/abruzzo_16-300x184.jpg\" class=\"attachment-thumbnail size-thumbnail\" alt=\"\" srcset=\"https:\/\/www.residencecosta.it\/wp-content\/uploads\/2024\/03\/abruzzo_16-300x184.jpg 300w, https:\/\/www.residencecosta.it\/wp-content\/uploads\/2024\/03\/abruzzo_16-500x307.jpg 500w, https:\/\/www.residencecosta.it\/wp-content\/uploads\/2024\/03\/abruzzo_16-122x75.jpg 122w, https:\/\/www.residencecosta.it\/wp-content\/uploads\/2024\/03\/abruzzo_16-480x295.jpg 480w, https:\/\/www.residencecosta.it\/wp-content\/uploads\/2024\/03\/abruzzo_16.jpg 700w\" sizes=\"(max-width:767px) 300px, 300px\" \/><\/a>\n\t\t\t\t<\/dt><\/div><\/dl><br style=\"clear: both\" \/>\n\t\t\t<\/div>\n\t\t<\/div>\n\t\t\t\t<\/div>\n\t\t\t\t\t<\/div>\n\t\t<\/div>\n\t\t\t\t\t<\/div>\n\t\t<\/section>\n\t\t\t\t<section class=\"elementor-section elementor-top-section elementor-element elementor-element-a35d34f elementor-section-stretched elementor-section-boxed elementor-section-height-default elementor-section-height-default\" data-id=\"a35d34f\" data-element_type=\"section\" data-settings=\"{&quot;stretch_section&quot;:&quot;section-stretched&quot;,&quot;background_background&quot;:&quot;classic&quot;}\">\n\t\t\t\t\t\t<div class=\"elementor-container elementor-column-gap-wider\">\n\t\t\t\t\t<div class=\"elementor-column elementor-col-50 elementor-top-column elementor-element elementor-element-78b0ddb\" data-id=\"78b0ddb\" data-element_type=\"column\">\n\t\t\t<div class=\"elementor-widget-wrap elementor-element-populated\">\n\t\t\t\t\t\t<section class=\"elementor-section elementor-inner-section elementor-element elementor-element-3a22e9c elementor-section-boxed elementor-section-height-default elementor-section-height-default\" data-id=\"3a22e9c\" data-element_type=\"section\">\n\t\t\t\t\t\t<div class=\"elementor-container elementor-column-gap-default\">\n\t\t\t\t\t<div class=\"elementor-column elementor-col-100 elementor-inner-column elementor-element elementor-element-5b89ee3\" data-id=\"5b89ee3\" data-element_type=\"column\">\n\t\t\t<div class=\"elementor-widget-wrap elementor-element-populated\">\n\t\t\t\t\t\t<div class=\"elementor-element elementor-element-7275102 elementor-widget elementor-widget-spacer\" data-id=\"7275102\" data-element_type=\"widget\" data-widget_type=\"spacer.default\">\n\t\t\t\t<div class=\"elementor-widget-container\">\n\t\t\t\t\t<div class=\"elementor-spacer\">\n\t\t\t<div class=\"elementor-spacer-inner\"><\/div>\n\t\t<\/div>\n\t\t\t\t<\/div>\n\t\t\t\t<\/div>\n\t\t\t\t<div class=\"elementor-element elementor-element-b505a93 elementor-widget elementor-widget-text-editor\" data-id=\"b505a93\" data-element_type=\"widget\" data-widget_type=\"text-editor.default\">\n\t\t\t\t<div class=\"elementor-widget-container\">\n\t\t\t\t\t\t\t<p><span style=\"color: #e8ba00;\">ALBA ADRIATICA\u00a0<\/span><br \/><span style=\"color: #e8ba00;\">PERLE DER ADRIA\u00a0<\/span><\/p>\t\t\t\t\t\t<\/div>\n\t\t\t\t<\/div>\n\t\t\t\t<div class=\"elementor-element elementor-element-10fca9a elementor-widget elementor-widget-text-editor\" data-id=\"10fca9a\" data-element_type=\"widget\" data-widget_type=\"text-editor.default\">\n\t\t\t\t<div class=\"elementor-widget-container\">\n\t\t\t\t\t\t\t<h4>Entdecken Sie unsere Stadt zwischen Str\u00e4nden, gro\u00dfen Pinienw\u00e4ldern, Strandpromenade und vielen Sehensw\u00fcrdigkeiten.<\/h4>\t\t\t\t\t\t<\/div>\n\t\t\t\t<\/div>\n\t\t\t\t<div class=\"elementor-element elementor-element-b2ccec2 elementor-widget elementor-widget-text-editor\" data-id=\"b2ccec2\" data-element_type=\"widget\" data-widget_type=\"text-editor.default\">\n\t\t\t\t<div class=\"elementor-widget-container\">\n\t\t\t\t\t\t\t<p style=\"text-align: justify;\">F\u00fcr diejenigen, die einen <strong>heiteren und lebhaften Aufenthalt<\/strong> lieben, bietet Alba Adriatica zahlreiche Orte f\u00fcr Freizeit und Unterhaltung.<\/p>\n<p style=\"text-align: justify;\">Der breite Strand aus feinem, silberwei\u00dfem Sand; das au\u00dfergew\u00f6hnlich klare Meer mit sanftem Gef\u00e4lle, <strong>ideal f\u00fcr Kinder und Familien<\/strong><\/p>\t\t\t\t\t\t<\/div>\n\t\t\t\t<\/div>\n\t\t\t\t<div class=\"elementor-element elementor-element-315a292 elementor-align-center elementor-widget elementor-widget-button\" data-id=\"315a292\" data-element_type=\"widget\" data-widget_type=\"button.default\">\n\t\t\t\t<div class=\"elementor-widget-container\">\n\t\t\t\t\t<div class=\"elementor-button-wrapper\">\n\t\t\t<a class=\"elementor-button elementor-button-link elementor-size-sm\" href=\"\/de\/alba-adriatica\">\n\t\t\t\t\t\t<span class=\"elementor-button-content-wrapper\">\n\t\t\t\t\t\t<span class=\"elementor-button-icon elementor-align-icon-right\">\n\t\t\t\t<svg aria-hidden=\"true\" class=\"e-font-icon-svg e-fas-angle-right\" viewBox=\"0 0 256 512\" xmlns=\"http:\/\/www.w3.org\/2000\/svg\"><path d=\"M224.3 273l-136 136c-9.4 9.4-24.6 9.4-33.9 0l-22.6-22.6c-9.4-9.4-9.4-24.6 0-33.9l96.4-96.4-96.4-96.4c-9.4-9.4-9.4-24.6 0-33.9L54.3 103c9.4-9.4 24.6-9.4 33.9 0l136 136c9.5 9.4 9.5 24.6.1 34z\"><\/path><\/svg>\t\t\t<\/span>\n\t\t\t\t\t\t<span class=\"elementor-button-text\">Alba Adriatica f\u00fcr Sie<\/span>\n\t\t<\/span>\n\t\t\t\t\t<\/a>\n\t\t<\/div>\n\t\t\t\t<\/div>\n\t\t\t\t<\/div>\n\t\t\t\t\t<\/div>\n\t\t<\/div>\n\t\t\t\t\t<\/div>\n\t\t<\/section>\n\t\t\t\t\t<\/div>\n\t\t<\/div>\n\t\t\t\t<div class=\"elementor-column elementor-col-50 elementor-top-column elementor-element elementor-element-6ad7b1d\" data-id=\"6ad7b1d\" data-element_type=\"column\">\n\t\t\t<div class=\"elementor-widget-wrap elementor-element-populated\">\n\t\t\t\t\t\t<section class=\"elementor-section elementor-inner-section elementor-element elementor-element-928f819 elementor-section-boxed elementor-section-height-default elementor-section-height-default\" data-id=\"928f819\" data-element_type=\"section\">\n\t\t\t\t\t\t<div class=\"elementor-container elementor-column-gap-no\">\n\t\t\t\t\t<div class=\"elementor-column elementor-col-100 elementor-inner-column elementor-element elementor-element-168b6fd\" data-id=\"168b6fd\" data-element_type=\"column\">\n\t\t\t<div class=\"elementor-widget-wrap elementor-element-populated\">\n\t\t\t\t\t\t<div class=\"elementor-element elementor-element-c0e3c48 elementor-widget elementor-widget-image\" data-id=\"c0e3c48\" data-element_type=\"widget\" data-widget_type=\"image.default\">\n\t\t\t\t<div class=\"elementor-widget-container\">\n\t\t\t<style>\/*! elementor - v3.19.0 - 28-02-2024 *\/\n.elementor-widget-image{text-align:center}.elementor-widget-image a{display:inline-block}.elementor-widget-image a img[src$=\".svg\"]{width:48px}.elementor-widget-image img{vertical-align:middle;display:inline-block}<\/style>\t\t\t\t\t\t\t\t\t\t<img loading=\"lazy\" decoding=\"async\" width=\"780\" height=\"780\" src=\"https:\/\/www.residencecosta.it\/wp-content\/uploads\/2024\/03\/ante_home_alba.jpg\" class=\"attachment-large size-large wp-image-4483\" alt=\"\" srcset=\"https:\/\/www.residencecosta.it\/wp-content\/uploads\/2024\/03\/ante_home_alba.jpg 780w, https:\/\/www.residencecosta.it\/wp-content\/uploads\/2024\/03\/ante_home_alba-500x500.jpg 500w, https:\/\/www.residencecosta.it\/wp-content\/uploads\/2024\/03\/ante_home_alba-300x300.jpg 300w, https:\/\/www.residencecosta.it\/wp-content\/uploads\/2024\/03\/ante_home_alba-768x768.jpg 768w, https:\/\/www.residencecosta.it\/wp-content\/uploads\/2024\/03\/ante_home_alba-150x150.jpg 150w, https:\/\/www.residencecosta.it\/wp-content\/uploads\/2024\/03\/ante_home_alba-75x75.jpg 75w, https:\/\/www.residencecosta.it\/wp-content\/uploads\/2024\/03\/ante_home_alba-480x480.jpg 480w\" sizes=\"(max-width:767px) 480px, (max-width:780px) 100vw, 780px\" \/>\t\t\t\t\t\t\t\t\t\t\t\t\t<\/div>\n\t\t\t\t<\/div>\n\t\t\t\t\t<\/div>\n\t\t<\/div>\n\t\t\t\t\t<\/div>\n\t\t<\/section>\n\t\t\t\t\t<\/div>\n\t\t<\/div>\n\t\t\t\t\t<\/div>\n\t\t<\/section>\n\t\t\t\t<section class=\"elementor-section elementor-top-section elementor-element elementor-element-ea1999c elementor-section-stretched elementor-section-boxed elementor-section-height-default elementor-section-height-default\" data-id=\"ea1999c\" data-element_type=\"section\" data-settings=\"{&quot;stretch_section&quot;:&quot;section-stretched&quot;,&quot;background_background&quot;:&quot;classic&quot;}\">\n\t\t\t\t\t\t<div class=\"elementor-container elementor-column-gap-wider\">\n\t\t\t\t\t<div class=\"elementor-column elementor-col-50 elementor-top-column elementor-element elementor-element-957bb20\" data-id=\"957bb20\" data-element_type=\"column\">\n\t\t\t<div class=\"elementor-widget-wrap elementor-element-populated\">\n\t\t\t\t\t\t<section class=\"elementor-section elementor-inner-section elementor-element elementor-element-399e41e elementor-section-boxed elementor-section-height-default elementor-section-height-default\" data-id=\"399e41e\" data-element_type=\"section\">\n\t\t\t\t\t\t<div class=\"elementor-container elementor-column-gap-no\">\n\t\t\t\t\t<div class=\"elementor-column elementor-col-100 elementor-inner-column elementor-element elementor-element-baac982\" data-id=\"baac982\" data-element_type=\"column\">\n\t\t\t<div class=\"elementor-widget-wrap elementor-element-populated\">\n\t\t\t\t\t\t<div class=\"elementor-element elementor-element-9e22e03 elementor-widget elementor-widget-spacer\" data-id=\"9e22e03\" data-element_type=\"widget\" data-widget_type=\"spacer.default\">\n\t\t\t\t<div class=\"elementor-widget-container\">\n\t\t\t\t\t<div class=\"elementor-spacer\">\n\t\t\t<div class=\"elementor-spacer-inner\"><\/div>\n\t\t<\/div>\n\t\t\t\t<\/div>\n\t\t\t\t<\/div>\n\t\t\t\t<div class=\"elementor-element elementor-element-271bee0 elementor-widget elementor-widget-image\" data-id=\"271bee0\" data-element_type=\"widget\" data-widget_type=\"image.default\">\n\t\t\t\t<div class=\"elementor-widget-container\">\n\t\t\t\t\t\t\t\t\t\t\t\t\t<img loading=\"lazy\" decoding=\"async\" width=\"611\" height=\"512\" src=\"https:\/\/www.residencecosta.it\/wp-content\/uploads\/2024\/03\/rocca-calascio.jpg\" class=\"attachment-large size-large wp-image-4259\" alt=\"\" srcset=\"https:\/\/www.residencecosta.it\/wp-content\/uploads\/2024\/03\/rocca-calascio.jpg 611w, https:\/\/www.residencecosta.it\/wp-content\/uploads\/2024\/03\/rocca-calascio-500x419.jpg 500w, https:\/\/www.residencecosta.it\/wp-content\/uploads\/2024\/03\/rocca-calascio-300x251.jpg 300w, https:\/\/www.residencecosta.it\/wp-content\/uploads\/2024\/03\/rocca-calascio-90x75.jpg 90w, https:\/\/www.residencecosta.it\/wp-content\/uploads\/2024\/03\/rocca-calascio-480x402.jpg 480w\" sizes=\"(max-width:767px) 480px, 611px\" \/>\t\t\t\t\t\t\t\t\t\t\t\t\t<\/div>\n\t\t\t\t<\/div>\n\t\t\t\t\t<\/div>\n\t\t<\/div>\n\t\t\t\t\t<\/div>\n\t\t<\/section>\n\t\t\t\t\t<\/div>\n\t\t<\/div>\n\t\t\t\t<div class=\"elementor-column elementor-col-50 elementor-top-column elementor-element elementor-element-f1c2e2b\" data-id=\"f1c2e2b\" data-element_type=\"column\">\n\t\t\t<div class=\"elementor-widget-wrap elementor-element-populated\">\n\t\t\t\t\t\t<section class=\"elementor-section elementor-inner-section elementor-element elementor-element-2b16dc6 elementor-section-boxed elementor-section-height-default elementor-section-height-default\" data-id=\"2b16dc6\" data-element_type=\"section\">\n\t\t\t\t\t\t<div class=\"elementor-container elementor-column-gap-default\">\n\t\t\t\t\t<div class=\"elementor-column elementor-col-100 elementor-inner-column elementor-element elementor-element-35856bd\" data-id=\"35856bd\" data-element_type=\"column\">\n\t\t\t<div class=\"elementor-widget-wrap elementor-element-populated\">\n\t\t\t\t\t\t<div class=\"elementor-element elementor-element-f89279c elementor-widget elementor-widget-spacer\" data-id=\"f89279c\" data-element_type=\"widget\" data-widget_type=\"spacer.default\">\n\t\t\t\t<div class=\"elementor-widget-container\">\n\t\t\t\t\t<div class=\"elementor-spacer\">\n\t\t\t<div class=\"elementor-spacer-inner\"><\/div>\n\t\t<\/div>\n\t\t\t\t<\/div>\n\t\t\t\t<\/div>\n\t\t\t\t<div class=\"elementor-element elementor-element-4f99eb0 elementor-widget elementor-widget-text-editor\" data-id=\"4f99eb0\" data-element_type=\"widget\" data-widget_type=\"text-editor.default\">\n\t\t\t\t<div class=\"elementor-widget-container\">\n\t\t\t\t\t\t\t<h1>AUSFL\u00dcGE<\/h1>\t\t\t\t\t\t<\/div>\n\t\t\t\t<\/div>\n\t\t\t\t<div class=\"elementor-element elementor-element-018bfd6 elementor-widget elementor-widget-text-editor\" data-id=\"018bfd6\" data-element_type=\"widget\" data-widget_type=\"text-editor.default\">\n\t\t\t\t<div class=\"elementor-widget-container\">\n\t\t\t\t\t\t\t<h4>Entdecken Sie Ihr n\u00e4chstes Abenteuer mit unseren aufregenden Reiserouten<\/h4>\t\t\t\t\t\t<\/div>\n\t\t\t\t<\/div>\n\t\t\t\t<div class=\"elementor-element elementor-element-cc8dbd0 elementor-widget elementor-widget-text-editor\" data-id=\"cc8dbd0\" data-element_type=\"widget\" data-widget_type=\"text-editor.default\">\n\t\t\t\t<div class=\"elementor-widget-container\">\n\t\t\t\t\t\t\t<p style=\"text-align: justify;\">Naturerlebnisse von den Bergen bis zum Meer, mit <strong>Besuchen von Naturparks<\/strong>.<br>\nEintauchen in <strong>Geschichte und Kunst<\/strong> durch Besuche in D\u00f6rfern, Burgen, <strong>Nekropolen<\/strong> und <strong>Museen<\/strong>, mit besonderem Augenmerk auf die <strong>Keramik von Castelli<\/strong> stark.&nbsp;<br>\nReligi\u00f6se Routen, die Besuche der wichtigsten Kathedralen der Region beinhalten.<br>\nVon Bosso <strong> Erlebnistourismus<\/strong> angebotene Outdoor-Aktivit\u00e4ten, darunter das <strong>Wolf-Besucherzentrum<\/strong>, <strong>Trekking<\/strong>, <strong>E-Bike-Touren<\/strong>, &lt; Kanu- und Kajakfahrten entlang der Adriak\u00fcste sowie Nordic Walking.<br>\nDar\u00fcber hinaus besteht die M\u00f6glichkeit, \u00fcber <strong>Majellando<\/strong> weitere Optionen zu erkunden.<\/p>\t\t\t\t\t\t<\/div>\n\t\t\t\t<\/div>\n\t\t\t\t<div class=\"elementor-element elementor-element-5b9e1f2 elementor-align-center elementor-widget elementor-widget-button\" data-id=\"5b9e1f2\" data-element_type=\"widget\" data-widget_type=\"button.default\">\n\t\t\t\t<div class=\"elementor-widget-container\">\n\t\t\t\t\t<div class=\"elementor-button-wrapper\">\n\t\t\t<a class=\"elementor-button elementor-button-link elementor-size-sm\" href=\"\/de\/escursioni\">\n\t\t\t\t\t\t<span class=\"elementor-button-content-wrapper\">\n\t\t\t\t\t\t<span class=\"elementor-button-icon elementor-align-icon-right\">\n\t\t\t\t<svg aria-hidden=\"true\" class=\"e-font-icon-svg e-fas-angle-right\" viewBox=\"0 0 256 512\" xmlns=\"http:\/\/www.w3.org\/2000\/svg\"><path d=\"M224.3 273l-136 136c-9.4 9.4-24.6 9.4-33.9 0l-22.6-22.6c-9.4-9.4-9.4-24.6 0-33.9l96.4-96.4-96.4-96.4c-9.4-9.4-9.4-24.6 0-33.9L54.3 103c9.4-9.4 24.6-9.4 33.9 0l136 136c9.5 9.4 9.5 24.6.1 34z\"><\/path><\/svg>\t\t\t<\/span>\n\t\t\t\t\t\t<span class=\"elementor-button-text\">Ausfl\u00fcge<\/span>\n\t\t<\/span>\n\t\t\t\t\t<\/a>\n\t\t<\/div>\n\t\t\t\t<\/div>\n\t\t\t\t<\/div>\n\t\t\t\t\t<\/div>\n\t\t<\/div>\n\t\t\t\t\t<\/div>\n\t\t<\/section>\n\t\t\t\t\t<\/div>\n\t\t<\/div>\n\t\t\t\t\t<\/div>\n\t\t<\/section>\n\t\t\t\t<\/div>\n\t\t","protected":false},"excerpt":{"rendered":"<p>VIELE EMOTIONEN ZWISCHEN MEER UND BERGEN Abruzzen: Gr\u00fcne Region Europas DIE NATUR Die Abruzzen werden als \u201eGr\u00fcne Region Europas\u201c bezeichnet, und es ist kein Zufall, dass<span class=\"excerpt-hellip\"> [\u2026]<\/span><\/p>\n","protected":false},"author":1,"featured_media":0,"parent":0,"menu_order":0,"comment_status":"closed","ping_status":"closed","template":"","meta":{"footnotes":""},"yoast_head":"<!-- This site is optimized with the Yoast SEO plugin v22.3 - https:\/\/yoast.com\/wordpress\/plugins\/seo\/ -->\n<title>Abruzzo - Residence Costa Alba Adriatica<\/title>\n<meta name=\"robots\" content=\"index, follow, max-snippet:-1, max-image-preview:large, max-video-preview:-1\" \/>\n<link rel=\"canonical\" href=\"https:\/\/www.residencecosta.it\/de\/abruzzo\/\" \/>\n<meta property=\"og:locale\" content=\"de_DE\" \/>\n<meta property=\"og:type\" content=\"article\" \/>\n<meta property=\"og:title\" content=\"Abruzzo - Residence Costa Alba Adriatica\" \/>\n<meta property=\"og:description\" content=\"VIELE EMOTIONEN ZWISCHEN MEER UND BERGEN Abruzzen: Gr\u00fcne Region Europas DIE NATUR Die Abruzzen werden als \u201eGr\u00fcne Region Europas\u201c bezeichnet, und es ist kein Zufall, dass [\u2026]\" \/>\n<meta property=\"og:url\" content=\"https:\/\/www.residencecosta.it\/de\/abruzzo\/\" \/>\n<meta property=\"og:site_name\" content=\"Residence Costa Alba Adriatica\" \/>\n<meta property=\"article:modified_time\" content=\"2024-04-10T14:20:14+00:00\" \/>\n<meta property=\"og:image\" content=\"https:\/\/www.residencecosta.it\/wp-content\/uploads\/2024\/03\/abruzzo_02-300x188.jpg\" \/>\n<meta name=\"twitter:card\" content=\"summary_large_image\" \/>\n<meta name=\"twitter:label1\" content=\"Gesch\u00e4tzte Lesezeit\" \/>\n\t<meta name=\"twitter:data1\" content=\"7 Minuten\" \/>\n<script type=\"application\/ld+json\" class=\"yoast-schema-graph\">{\"@context\":\"https:\/\/schema.org\",\"@graph\":[{\"@type\":\"WebPage\",\"@id\":\"https:\/\/www.residencecosta.it\/de\/abruzzo\/\",\"url\":\"https:\/\/www.residencecosta.it\/de\/abruzzo\/\",\"name\":\"Abruzzo - Residence Costa Alba Adriatica\",\"isPartOf\":{\"@id\":\"https:\/\/www.residencecosta.it\/#website\"},\"primaryImageOfPage\":{\"@id\":\"https:\/\/www.residencecosta.it\/de\/abruzzo\/#primaryimage\"},\"image\":{\"@id\":\"https:\/\/www.residencecosta.it\/de\/abruzzo\/#primaryimage\"},\"thumbnailUrl\":\"https:\/\/www.residencecosta.it\/wp-content\/uploads\/2024\/03\/abruzzo_02-300x188.jpg\",\"datePublished\":\"2024-02-08T17:50:55+00:00\",\"dateModified\":\"2024-04-10T14:20:14+00:00\",\"inLanguage\":\"de-DE\",\"potentialAction\":[{\"@type\":\"ReadAction\",\"target\":[\"https:\/\/www.residencecosta.it\/de\/abruzzo\/\"]}]},{\"@type\":\"ImageObject\",\"inLanguage\":\"de-DE\",\"@id\":\"https:\/\/www.residencecosta.it\/de\/abruzzo\/#primaryimage\",\"url\":\"https:\/\/www.residencecosta.it\/wp-content\/uploads\/2024\/03\/abruzzo_02.jpg\",\"contentUrl\":\"https:\/\/www.residencecosta.it\/wp-content\/uploads\/2024\/03\/abruzzo_02.jpg\",\"width\":700,\"height\":438},{\"@type\":\"WebSite\",\"@id\":\"https:\/\/www.residencecosta.it\/#website\",\"url\":\"https:\/\/www.residencecosta.it\/\",\"name\":\"Residence Costa Alba Adriatica\",\"description\":\"Residence per vacanze al mare ad Alba Adriatica \",\"potentialAction\":[{\"@type\":\"SearchAction\",\"target\":{\"@type\":\"EntryPoint\",\"urlTemplate\":\"https:\/\/www.residencecosta.it\/?s={search_term_string}\"},\"query-input\":\"required name=search_term_string\"}],\"inLanguage\":\"de-DE\"}]}<\/script>\n<!-- \/ Yoast SEO plugin. -->","yoast_head_json":{"title":"Abruzzo - Residence Costa Alba Adriatica","robots":{"index":"index","follow":"follow","max-snippet":"max-snippet:-1","max-image-preview":"max-image-preview:large","max-video-preview":"max-video-preview:-1"},"canonical":"https:\/\/www.residencecosta.it\/de\/abruzzo\/","og_locale":"de_DE","og_type":"article","og_title":"Abruzzo - Residence Costa Alba Adriatica","og_description":"VIELE EMOTIONEN ZWISCHEN MEER UND BERGEN Abruzzen: Gr\u00fcne Region Europas DIE NATUR Die Abruzzen werden als \u201eGr\u00fcne Region Europas\u201c bezeichnet, und es ist kein Zufall, dass [\u2026]","og_url":"https:\/\/www.residencecosta.it\/de\/abruzzo\/","og_site_name":"Residence Costa Alba Adriatica","article_modified_time":"2024-04-10T14:20:14+00:00","og_image":[{"url":"https:\/\/www.residencecosta.it\/wp-content\/uploads\/2024\/03\/abruzzo_02-300x188.jpg"}],"twitter_card":"summary_large_image","twitter_misc":{"Gesch\u00e4tzte Lesezeit":"7 Minuten"},"schema":{"@context":"https:\/\/schema.org","@graph":[{"@type":"WebPage","@id":"https:\/\/www.residencecosta.it\/de\/abruzzo\/","url":"https:\/\/www.residencecosta.it\/de\/abruzzo\/","name":"Abruzzo - Residence Costa Alba Adriatica","isPartOf":{"@id":"https:\/\/www.residencecosta.it\/#website"},"primaryImageOfPage":{"@id":"https:\/\/www.residencecosta.it\/de\/abruzzo\/#primaryimage"},"image":{"@id":"https:\/\/www.residencecosta.it\/de\/abruzzo\/#primaryimage"},"thumbnailUrl":"https:\/\/www.residencecosta.it\/wp-content\/uploads\/2024\/03\/abruzzo_02-300x188.jpg","datePublished":"2024-02-08T17:50:55+00:00","dateModified":"2024-04-10T14:20:14+00:00","inLanguage":"de-DE","potentialAction":[{"@type":"ReadAction","target":["https:\/\/www.residencecosta.it\/de\/abruzzo\/"]}]},{"@type":"ImageObject","inLanguage":"de-DE","@id":"https:\/\/www.residencecosta.it\/de\/abruzzo\/#primaryimage","url":"https:\/\/www.residencecosta.it\/wp-content\/uploads\/2024\/03\/abruzzo_02.jpg","contentUrl":"https:\/\/www.residencecosta.it\/wp-content\/uploads\/2024\/03\/abruzzo_02.jpg","width":700,"height":438},{"@type":"WebSite","@id":"https:\/\/www.residencecosta.it\/#website","url":"https:\/\/www.residencecosta.it\/","name":"Residence Costa Alba Adriatica","description":"Residence per vacanze al mare ad Alba Adriatica ","potentialAction":[{"@type":"SearchAction","target":{"@type":"EntryPoint","urlTemplate":"https:\/\/www.residencecosta.it\/?s={search_term_string}"},"query-input":"required name=search_term_string"}],"inLanguage":"de-DE"}]}},"_links":{"self":[{"href":"https:\/\/www.residencecosta.it\/de\/wp-json\/wp\/v2\/pages\/4837"}],"collection":[{"href":"https:\/\/www.residencecosta.it\/de\/wp-json\/wp\/v2\/pages"}],"about":[{"href":"https:\/\/www.residencecosta.it\/de\/wp-json\/wp\/v2\/types\/page"}],"author":[{"embeddable":true,"href":"https:\/\/www.residencecosta.it\/de\/wp-json\/wp\/v2\/users\/1"}],"replies":[{"embeddable":true,"href":"https:\/\/www.residencecosta.it\/de\/wp-json\/wp\/v2\/comments?post=4837"}],"version-history":[{"count":15,"href":"https:\/\/www.residencecosta.it\/de\/wp-json\/wp\/v2\/pages\/4837\/revisions"}],"predecessor-version":[{"id":5582,"href":"https:\/\/www.residencecosta.it\/de\/wp-json\/wp\/v2\/pages\/4837\/revisions\/5582"}],"wp:attachment":[{"href":"https:\/\/www.residencecosta.it\/de\/wp-json\/wp\/v2\/media?parent=4837"}],"curies":[{"name":"wp","href":"https:\/\/api.w.org\/{rel}","templated":true}]}}