{"id":4861,"date":"2024-02-08T17:51:29","date_gmt":"2024-02-08T17:51:29","guid":{"rendered":"https:\/\/www.residencecosta.it\/escursioni\/"},"modified":"2024-09-29T22:28:20","modified_gmt":"2024-09-29T22:28:20","slug":"escursioni","status":"publish","type":"page","link":"https:\/\/www.residencecosta.it\/de\/escursioni\/","title":{"rendered":"Ausfl\u00fcge"},"content":{"rendered":"\t\t<div data-elementor-type=\"wp-page\" data-elementor-id=\"4861\" class=\"elementor elementor-4861 elementor-951\">\n\t\t\t\t\t\t<section class=\"elementor-section elementor-top-section elementor-element elementor-element-2e67fda elementor-section-stretched elementor-section-boxed elementor-section-height-default elementor-section-height-default\" data-id=\"2e67fda\" data-element_type=\"section\" data-settings=\"{&quot;stretch_section&quot;:&quot;section-stretched&quot;}\">\n\t\t\t\t\t\t<div class=\"elementor-container elementor-column-gap-wider\">\n\t\t\t\t\t<div class=\"elementor-column elementor-col-50 elementor-top-column elementor-element elementor-element-2d34302\" data-id=\"2d34302\" data-element_type=\"column\" data-settings=\"{&quot;background_background&quot;:&quot;classic&quot;}\">\n\t\t\t<div class=\"elementor-widget-wrap elementor-element-populated\">\n\t\t\t\t\t\t<section class=\"elementor-section elementor-inner-section elementor-element elementor-element-5f6dd7e elementor-section-full_width elementor-section-height-default elementor-section-height-default\" data-id=\"5f6dd7e\" data-element_type=\"section\">\n\t\t\t\t\t\t<div class=\"elementor-container elementor-column-gap-default\">\n\t\t\t\t\t<div class=\"elementor-column elementor-col-100 elementor-inner-column elementor-element elementor-element-e8a2e33\" data-id=\"e8a2e33\" data-element_type=\"column\">\n\t\t\t<div class=\"elementor-widget-wrap elementor-element-populated\">\n\t\t\t\t\t\t<div class=\"elementor-element elementor-element-0efd6c0 elementor-widget elementor-widget-text-editor\" data-id=\"0efd6c0\" data-element_type=\"widget\" data-widget_type=\"text-editor.default\">\n\t\t\t\t<div class=\"elementor-widget-container\">\n\t\t\t<style>\/*! elementor - v3.19.0 - 28-02-2024 *\/\n.elementor-widget-text-editor.elementor-drop-cap-view-stacked .elementor-drop-cap{background-color:#69727d;color:#fff}.elementor-widget-text-editor.elementor-drop-cap-view-framed .elementor-drop-cap{color:#69727d;border:3px solid;background-color:transparent}.elementor-widget-text-editor:not(.elementor-drop-cap-view-default) .elementor-drop-cap{margin-top:8px}.elementor-widget-text-editor:not(.elementor-drop-cap-view-default) .elementor-drop-cap-letter{width:1em;height:1em}.elementor-widget-text-editor .elementor-drop-cap{float:left;text-align:center;line-height:1;font-size:50px}.elementor-widget-text-editor .elementor-drop-cap-letter{display:inline-block}<\/style>\t\t\t\t<h2><span style=\"color: #356988;\">Ausfl\u00fcge, Routen, Reiserouten,\ninmitten unber\u00fchrter Natur <\/span><\/h2>\t\t\t\t\t\t<\/div>\n\t\t\t\t<\/div>\n\t\t\t\t\t<\/div>\n\t\t<\/div>\n\t\t\t\t\t<\/div>\n\t\t<\/section>\n\t\t\t\t<div class=\"elementor-element elementor-element-a00cb11 elementor-widget elementor-widget-text-editor\" data-id=\"a00cb11\" data-element_type=\"widget\" data-widget_type=\"text-editor.default\">\n\t\t\t\t<div class=\"elementor-widget-container\">\n\t\t\t\t\t\t\tDie Abruzzen werden aufgrund ihrer <strong>Naturparks <\/strong>\u00a0und ihrer zahlreichen\u00a0<strong> Reservate <\/strong>, in denen Sie pr\u00e4chtige und seltene Exemplare einheimischer Rassen wie den B\u00e4ren bewundern k\u00f6nnen, als \u201eGr\u00fcne Region Italiens\u201c bezeichnet ( Braunb\u00e4r), die G\u00e4mse, der Wolf und der Steinadler.\t\t\t\t\t\t<\/div>\n\t\t\t\t<\/div>\n\t\t\t\t<div class=\"elementor-element elementor-element-98874b5 elementor-widget elementor-widget-text-editor\" data-id=\"98874b5\" data-element_type=\"widget\" data-widget_type=\"text-editor.default\">\n\t\t\t\t<div class=\"elementor-widget-container\">\n\t\t\t\t\t\t\tF\u00fcr\u00a0<strong> Bergliebhaber<\/strong> gibt es zahlreiche Routen in den Nationalparks Gran Sasso und Monti della Laga. <\/strong>\nDie mittelalterlichen D\u00f6rfer auf den H\u00fcgeln, die \u00fcber die Landschaft verstreuten Nekropolen, die Kunstst\u00e4dte und die Burgen. Machen Sie unsere Region zu einer der reichsten an Geschichte und Kultur.\t\t\t\t\t\t<\/div>\n\t\t\t\t<\/div>\n\t\t\t\t<div class=\"elementor-element elementor-element-08eb0d2 elementor-widget elementor-widget-spacer\" data-id=\"08eb0d2\" data-element_type=\"widget\" data-widget_type=\"spacer.default\">\n\t\t\t\t<div class=\"elementor-widget-container\">\n\t\t\t<style>\/*! elementor - v3.19.0 - 28-02-2024 *\/\n.elementor-column .elementor-spacer-inner{height:var(--spacer-size)}.e-con{--container-widget-width:100%}.e-con-inner>.elementor-widget-spacer,.e-con>.elementor-widget-spacer{width:var(--container-widget-width,var(--spacer-size));--align-self:var(--container-widget-align-self,initial);--flex-shrink:0}.e-con-inner>.elementor-widget-spacer>.elementor-widget-container,.e-con>.elementor-widget-spacer>.elementor-widget-container{height:100%;width:100%}.e-con-inner>.elementor-widget-spacer>.elementor-widget-container>.elementor-spacer,.e-con>.elementor-widget-spacer>.elementor-widget-container>.elementor-spacer{height:100%}.e-con-inner>.elementor-widget-spacer>.elementor-widget-container>.elementor-spacer>.elementor-spacer-inner,.e-con>.elementor-widget-spacer>.elementor-widget-container>.elementor-spacer>.elementor-spacer-inner{height:var(--container-widget-height,var(--spacer-size))}.e-con-inner>.elementor-widget-spacer.elementor-widget-empty,.e-con>.elementor-widget-spacer.elementor-widget-empty{position:relative;min-height:22px;min-width:22px}.e-con-inner>.elementor-widget-spacer.elementor-widget-empty .elementor-widget-empty-icon,.e-con>.elementor-widget-spacer.elementor-widget-empty .elementor-widget-empty-icon{position:absolute;top:0;bottom:0;left:0;right:0;margin:auto;padding:0;width:22px;height:22px}<\/style>\t\t<div class=\"elementor-spacer\">\n\t\t\t<div class=\"elementor-spacer-inner\"><\/div>\n\t\t<\/div>\n\t\t\t\t<\/div>\n\t\t\t\t<\/div>\n\t\t\t\t\t<\/div>\n\t\t<\/div>\n\t\t\t\t<div class=\"elementor-column elementor-col-50 elementor-top-column elementor-element elementor-element-be21671\" data-id=\"be21671\" data-element_type=\"column\" data-settings=\"{&quot;background_background&quot;:&quot;classic&quot;}\">\n\t\t\t<div class=\"elementor-widget-wrap elementor-element-populated\">\n\t\t\t\t\t\t<div class=\"elementor-element elementor-element-8621cc2 elementor-widget elementor-widget-spacer\" data-id=\"8621cc2\" data-element_type=\"widget\" data-widget_type=\"spacer.default\">\n\t\t\t\t<div class=\"elementor-widget-container\">\n\t\t\t\t\t<div class=\"elementor-spacer\">\n\t\t\t<div class=\"elementor-spacer-inner\"><\/div>\n\t\t<\/div>\n\t\t\t\t<\/div>\n\t\t\t\t<\/div>\n\t\t\t\t\t<\/div>\n\t\t<\/div>\n\t\t\t\t\t<\/div>\n\t\t<\/section>\n\t\t\t\t<section class=\"elementor-section elementor-top-section elementor-element elementor-element-60495fd elementor-section-full_width elementor-section-height-default elementor-section-height-default\" data-id=\"60495fd\" data-element_type=\"section\">\n\t\t\t\t\t\t<div class=\"elementor-container elementor-column-gap-wider\">\n\t\t\t\t\t<div class=\"elementor-column elementor-col-50 elementor-inner-column elementor-element elementor-element-c285037\" data-id=\"c285037\" data-element_type=\"column\">\n\t\t\t<div class=\"elementor-widget-wrap elementor-element-populated\">\n\t\t\t\t\t\t<div class=\"elementor-element elementor-element-bd51191 elementor-widget elementor-widget-text-editor\" data-id=\"bd51191\" data-element_type=\"widget\" data-widget_type=\"text-editor.default\">\n\t\t\t\t<div class=\"elementor-widget-container\">\n\t\t\t\t\t\t\t<h2><span style=\"color: #356988;\">TERAMO<\/span><\/h2>\t\t\t\t\t\t<\/div>\n\t\t\t\t<\/div>\n\t\t\t\t<div class=\"elementor-element elementor-element-1335402 elementor-widget__width-initial elementor-widget elementor-widget-text-editor\" data-id=\"1335402\" data-element_type=\"widget\" data-widget_type=\"text-editor.default\">\n\t\t\t\t<div class=\"elementor-widget-container\">\n\t\t\t\t\t\t\t\t\t\t\t\t\t<\/div>\n\t\t\t\t<\/div>\n\t\t\t\t<div class=\"elementor-element elementor-element-c2f16af elementor-widget elementor-widget-text-editor\" data-id=\"c2f16af\" data-element_type=\"widget\" data-widget_type=\"text-editor.default\">\n\t\t\t\t<div class=\"elementor-widget-container\">\n\t\t\t\t\t\t\t<p style=\"text-align: left;\">Die Stadt <strong> Teramo <\/strong> hat sehr alte Urspr\u00fcnge, sie war die Hauptstadt des <strong>Praetotium <\/strong>, wie die Umgebung genannt wurde Gebiet unter r\u00f6mischer Herrschaft. Unter der Herrschaft der Kaiser Augustus und Hadrian gab es ein goldenes Zeitalter, von dem die B\u00e4der, das Theater, das Amphitheater und andere Denkm\u00e4ler zeugten, die von der neuen Stadt \u00fcberflutet wurden. Im 14. Jahrhundert wurde es durch K\u00e4mpfe zwischen den Familien Melatini, Antonelli, Spennati und Mazzaclocchi auseinandergerissen. Es ging dann unter Francesco Sforza und Alfonso von Aragon \u00fcber. 1798 ging es an die Franzosen \u00fcber, bis es 1815 an die Spanier zur\u00fcckkehrte und dann der Geschichte und dem Schicksal des S\u00fcdens folgte. <\/p>\t\t\t\t\t\t<\/div>\n\t\t\t\t<\/div>\n\t\t\t\t\t<\/div>\n\t\t<\/div>\n\t\t\t\t<div class=\"elementor-column elementor-col-50 elementor-inner-column elementor-element elementor-element-9db77ac elementor-hidden-mobile\" data-id=\"9db77ac\" data-element_type=\"column\" data-settings=\"{&quot;background_background&quot;:&quot;classic&quot;}\">\n\t\t\t<div class=\"elementor-widget-wrap elementor-element-populated\">\n\t\t\t\t\t\t<div class=\"elementor-element elementor-element-6900dd9 elementor-widget elementor-widget-spacer\" data-id=\"6900dd9\" data-element_type=\"widget\" data-widget_type=\"spacer.default\">\n\t\t\t\t<div class=\"elementor-widget-container\">\n\t\t\t\t\t<div class=\"elementor-spacer\">\n\t\t\t<div class=\"elementor-spacer-inner\"><\/div>\n\t\t<\/div>\n\t\t\t\t<\/div>\n\t\t\t\t<\/div>\n\t\t\t\t\t<\/div>\n\t\t<\/div>\n\t\t\t\t\t<\/div>\n\t\t<\/section>\n\t\t\t\t<section class=\"elementor-section elementor-top-section elementor-element elementor-element-21d9264 elementor-section-full_width elementor-section-height-default elementor-section-height-default\" data-id=\"21d9264\" data-element_type=\"section\">\n\t\t\t\t\t\t<div class=\"elementor-container elementor-column-gap-wider\">\n\t\t\t\t\t<div class=\"elementor-column elementor-col-50 elementor-inner-column elementor-element elementor-element-eff7a67\" data-id=\"eff7a67\" data-element_type=\"column\" data-settings=\"{&quot;background_background&quot;:&quot;classic&quot;}\">\n\t\t\t<div class=\"elementor-widget-wrap elementor-element-populated\">\n\t\t\t\t\t\t<div class=\"elementor-element elementor-element-3d98e5e elementor-widget elementor-widget-spacer\" data-id=\"3d98e5e\" data-element_type=\"widget\" data-widget_type=\"spacer.default\">\n\t\t\t\t<div class=\"elementor-widget-container\">\n\t\t\t\t\t<div class=\"elementor-spacer\">\n\t\t\t<div class=\"elementor-spacer-inner\"><\/div>\n\t\t<\/div>\n\t\t\t\t<\/div>\n\t\t\t\t<\/div>\n\t\t\t\t\t<\/div>\n\t\t<\/div>\n\t\t\t\t<div class=\"elementor-column elementor-col-50 elementor-inner-column elementor-element elementor-element-df46aa1\" data-id=\"df46aa1\" data-element_type=\"column\">\n\t\t\t<div class=\"elementor-widget-wrap elementor-element-populated\">\n\t\t\t\t\t\t<div class=\"elementor-element elementor-element-9125de0 elementor-widget elementor-widget-text-editor\" data-id=\"9125de0\" data-element_type=\"widget\" data-widget_type=\"text-editor.default\">\n\t\t\t\t<div class=\"elementor-widget-container\">\n\t\t\t\t\t\t\t<h2><span style=\"color: #356988;\">CAMPLI<\/span><\/h2>\t\t\t\t\t\t<\/div>\n\t\t\t\t<\/div>\n\t\t\t\t<div class=\"elementor-element elementor-element-017e736 elementor-widget elementor-widget-text-editor\" data-id=\"017e736\" data-element_type=\"widget\" data-widget_type=\"text-editor.default\">\n\t\t\t\t<div class=\"elementor-widget-container\">\n\t\t\t\t\t\t\t<p style=\"text-align: left;\"><strong>Campli<\/strong> liegt auf einem H\u00fcgel zwischen den T\u00e4lern der B\u00e4che Fiumicino und Siccagno. Campli ist reich an Baudenkm\u00e4lern, die es zu einer wahren Kunststadt machen. Es beherbergt einen Teil des <strong>Nationalen Arch\u00e4ologischen Museums<\/strong>, in dem die \u00dcberreste der <strong>Nekropole von Campovalano<\/strong> ausgestellt sind. Ein sch\u00f6nes Beispiel mittelalterlicher Architektur ist der Parlamentspalast, aus dem sp\u00e4ter Farnese wurde. Er befindet sich vor der Kathedrale S. Maria in Platea aus dem Jahr 1300 und verf\u00fcgt \u00fcber einen romanischen Glockenturm. Ber\u00fchmt ist auch die <strong>Scala Santa<\/strong>, die ihren Namen erhielt, weil sich nach 1776 der Brauch verbreitete, denjenigen, die sie auf den Knien erklommen, Ablass zu gew\u00e4hren. <\/p>\t\t\t\t\t\t<\/div>\n\t\t\t\t<\/div>\n\t\t\t\t\t<\/div>\n\t\t<\/div>\n\t\t\t\t\t<\/div>\n\t\t<\/section>\n\t\t\t\t<section class=\"elementor-section elementor-top-section elementor-element elementor-element-99a4b42 elementor-section-full_width elementor-section-height-default elementor-section-height-default\" data-id=\"99a4b42\" data-element_type=\"section\">\n\t\t\t\t\t\t<div class=\"elementor-container elementor-column-gap-wider\">\n\t\t\t\t\t<div class=\"elementor-column elementor-col-50 elementor-inner-column elementor-element elementor-element-a2b0eac\" data-id=\"a2b0eac\" data-element_type=\"column\">\n\t\t\t<div class=\"elementor-widget-wrap elementor-element-populated\">\n\t\t\t\t\t\t<div class=\"elementor-element elementor-element-ad1e4f2 elementor-widget elementor-widget-text-editor\" data-id=\"ad1e4f2\" data-element_type=\"widget\" data-widget_type=\"text-editor.default\">\n\t\t\t\t<div class=\"elementor-widget-container\">\n\t\t\t\t\t\t\t<h2><span style=\"color: #356988;\">CAMPOVALANO<\/span><\/h2>\t\t\t\t\t\t<\/div>\n\t\t\t\t<\/div>\n\t\t\t\t<div class=\"elementor-element elementor-element-254ed64 elementor-widget__width-initial elementor-widget elementor-widget-text-editor\" data-id=\"254ed64\" data-element_type=\"widget\" data-widget_type=\"text-editor.default\">\n\t\t\t\t<div class=\"elementor-widget-container\">\n\t\t\t\t\t\t\t\t\t\t\t\t\t<\/div>\n\t\t\t\t<\/div>\n\t\t\t\t<div class=\"elementor-element elementor-element-74450f1 elementor-widget elementor-widget-text-editor\" data-id=\"74450f1\" data-element_type=\"widget\" data-widget_type=\"text-editor.default\">\n\t\t\t\t<div class=\"elementor-widget-container\">\n\t\t\t\t\t\t\t<p style=\"text-align: left;\"><strong>Campovalano<\/strong>, bekannt f\u00fcr seine <strong>monumentale Kirche<\/strong> und das angrenzende, dem Heiligen Petrus gewidmete Kloster aus dem 10. Jahrhundert, ist reich an Zeugnissen von Steine, Holzstatuen und Fresken aus verschiedenen Epochen. Im Jahr 1967 wurden in der angrenzenden Ebene die ersten arch\u00e4ologischen Ausgrabungen in einer der bedeutendsten picenischen Nekropolen aus dem 14. bis 3. Jahrhundert v. Chr. durchgef\u00fchrt. Bis heute wurden rund 600 der vermutlich \u00fcber 2.500 Gr\u00e4ber ausgegraben und wiederhergestellt verschiedener Materialien, die in den arch\u00e4ologischen Museen von Campli und Chieti ausgestellt sind, und warten auf einen neuen Standort im Arch\u00e4ologischen Park Campovalano, der derzeit festgelegt wird. Geplant ist der Bau eines multimedialen H\u00fcgels eines Geb\u00e4udes, das f\u00fcr Empfang, Gottesdienste und Ausstellungen genutzt wird. <\/p>\t\t\t\t\t\t<\/div>\n\t\t\t\t<\/div>\n\t\t\t\t\t<\/div>\n\t\t<\/div>\n\t\t\t\t<div class=\"elementor-column elementor-col-50 elementor-inner-column elementor-element elementor-element-6901d5d elementor-hidden-mobile\" data-id=\"6901d5d\" data-element_type=\"column\" data-settings=\"{&quot;background_background&quot;:&quot;classic&quot;}\">\n\t\t\t<div class=\"elementor-widget-wrap elementor-element-populated\">\n\t\t\t\t\t\t<div class=\"elementor-element elementor-element-f616970 elementor-widget elementor-widget-spacer\" data-id=\"f616970\" data-element_type=\"widget\" data-widget_type=\"spacer.default\">\n\t\t\t\t<div class=\"elementor-widget-container\">\n\t\t\t\t\t<div class=\"elementor-spacer\">\n\t\t\t<div class=\"elementor-spacer-inner\"><\/div>\n\t\t<\/div>\n\t\t\t\t<\/div>\n\t\t\t\t<\/div>\n\t\t\t\t\t<\/div>\n\t\t<\/div>\n\t\t\t\t\t<\/div>\n\t\t<\/section>\n\t\t\t\t<section class=\"elementor-section elementor-top-section elementor-element elementor-element-1544661 elementor-section-full_width elementor-section-height-default elementor-section-height-default\" data-id=\"1544661\" data-element_type=\"section\">\n\t\t\t\t\t\t<div class=\"elementor-container elementor-column-gap-wider\">\n\t\t\t\t\t<div class=\"elementor-column elementor-col-50 elementor-inner-column elementor-element elementor-element-e2509e6\" data-id=\"e2509e6\" data-element_type=\"column\" data-settings=\"{&quot;background_background&quot;:&quot;classic&quot;}\">\n\t\t\t<div class=\"elementor-widget-wrap elementor-element-populated\">\n\t\t\t\t\t\t<div class=\"elementor-element elementor-element-b2e6e88 elementor-widget elementor-widget-spacer\" data-id=\"b2e6e88\" data-element_type=\"widget\" data-widget_type=\"spacer.default\">\n\t\t\t\t<div class=\"elementor-widget-container\">\n\t\t\t\t\t<div class=\"elementor-spacer\">\n\t\t\t<div class=\"elementor-spacer-inner\"><\/div>\n\t\t<\/div>\n\t\t\t\t<\/div>\n\t\t\t\t<\/div>\n\t\t\t\t\t<\/div>\n\t\t<\/div>\n\t\t\t\t<div class=\"elementor-column elementor-col-50 elementor-inner-column elementor-element elementor-element-4342202\" data-id=\"4342202\" data-element_type=\"column\">\n\t\t\t<div class=\"elementor-widget-wrap elementor-element-populated\">\n\t\t\t\t\t\t<div class=\"elementor-element elementor-element-f7d338c elementor-widget elementor-widget-text-editor\" data-id=\"f7d338c\" data-element_type=\"widget\" data-widget_type=\"text-editor.default\">\n\t\t\t\t<div class=\"elementor-widget-container\">\n\t\t\t\t\t\t\t<h2><span style=\"color: #356988;\">CIVITELLA DEL TRONTO<\/span><\/h2>\t\t\t\t\t\t<\/div>\n\t\t\t\t<\/div>\n\t\t\t\t<div class=\"elementor-element elementor-element-4912cec elementor-widget elementor-widget-text-editor\" data-id=\"4912cec\" data-element_type=\"widget\" data-widget_type=\"text-editor.default\">\n\t\t\t\t<div class=\"elementor-widget-container\">\n\t\t\t\t\t\t\t<p style=\"text-align: left;\">Die Festung von Civitella del Tronto ist eines der beeindruckendsten Werke der Milit\u00e4rtechnik in Italien: Tats\u00e4chlich erstreckt sie sich \u00fcber eine L\u00e4nge von mehr als f\u00fcnfhundert Metern auf einem Felsr\u00fccken. Seine gesamte leuchtende Geschichte ist mit der strategischen Lage verbunden, die es einige Jahrhunderte lang als Festung an der Nordgrenze der verschiedenen neapolitanischen K\u00f6nigreiche innehatte. Die Festung und das angeschlossene Dorf erlitten mehrere Belagerungen, doch am st\u00e4rksten in die Geschichte eingegangen ist die ungl\u00fcckliche Verteidigung gegen die sardisch-piemontesische Armee im Jahr 1860\/61, die mit der Kapitulation am 20. M\u00e4rz 1861 endete, der allerletzten Bourbonen-Festung, der man sich beugen musste die entstehende Einheit Italiens. <\/p>\t\t\t\t\t\t<\/div>\n\t\t\t\t<\/div>\n\t\t\t\t\t<\/div>\n\t\t<\/div>\n\t\t\t\t\t<\/div>\n\t\t<\/section>\n\t\t\t\t<section class=\"elementor-section elementor-top-section elementor-element elementor-element-d0c06dd elementor-section-full_width elementor-section-height-default elementor-section-height-default\" data-id=\"d0c06dd\" data-element_type=\"section\">\n\t\t\t\t\t\t<div class=\"elementor-container elementor-column-gap-wider\">\n\t\t\t\t\t<div class=\"elementor-column elementor-col-50 elementor-inner-column elementor-element elementor-element-0ff40e0\" data-id=\"0ff40e0\" data-element_type=\"column\">\n\t\t\t<div class=\"elementor-widget-wrap elementor-element-populated\">\n\t\t\t\t\t\t<div class=\"elementor-element elementor-element-684b669 elementor-widget elementor-widget-text-editor\" data-id=\"684b669\" data-element_type=\"widget\" data-widget_type=\"text-editor.default\">\n\t\t\t\t<div class=\"elementor-widget-container\">\n\t\t\t\t\t\t\t<h2><span style=\"color: #356988;\">CASTELLI<\/span><\/h2>\t\t\t\t\t\t<\/div>\n\t\t\t\t<\/div>\n\t\t\t\t<div class=\"elementor-element elementor-element-b9b8ded elementor-widget__width-initial elementor-widget elementor-widget-text-editor\" data-id=\"b9b8ded\" data-element_type=\"widget\" data-widget_type=\"text-editor.default\">\n\t\t\t\t<div class=\"elementor-widget-container\">\n\t\t\t\t\t\t\t\t\t\t\t\t\t<\/div>\n\t\t\t\t<\/div>\n\t\t\t\t<div class=\"elementor-element elementor-element-e97a5de elementor-widget elementor-widget-text-editor\" data-id=\"e97a5de\" data-element_type=\"widget\" data-widget_type=\"text-editor.default\">\n\t\t\t\t<div class=\"elementor-widget-container\">\n\t\t\t\t\t\t\t<p style=\"text-align: left;\">Castelli liegt direkt unterhalb der Gipfel des Monte Camicia und ist eines der wichtigsten Touristenziele in den Abruzzen. Es ist die Heimat ber\u00fchmter Keramikmeister, die den K\u00f6nigen von Neapel und den F\u00fcrstenh\u00e4usern von Rom dienten. Castelli, das vor allem f\u00fcr seine Handwerksbetriebe bekannt ist, wurde in \u201eStadt der Keramik\u201c umbenannt und verdankt seinen Ruhm dieser Kunst, deren Urspr\u00fcnge etwa bis ins 13. Jahrhundert zur\u00fcckreichen. Seitdem wird in dem kleinen, aber charakteristischen Dorf am Fu\u00dfe des Gran Sasso diese sehr sch\u00f6ne Kunst vom Vater an den Sohn weitergegeben. <\/p>\t\t\t\t\t\t<\/div>\n\t\t\t\t<\/div>\n\t\t\t\t\t<\/div>\n\t\t<\/div>\n\t\t\t\t<div class=\"elementor-column elementor-col-50 elementor-inner-column elementor-element elementor-element-343888c elementor-hidden-mobile\" data-id=\"343888c\" data-element_type=\"column\" data-settings=\"{&quot;background_background&quot;:&quot;classic&quot;}\">\n\t\t\t<div class=\"elementor-widget-wrap elementor-element-populated\">\n\t\t\t\t\t\t<div class=\"elementor-element elementor-element-f84e704 elementor-widget elementor-widget-spacer\" data-id=\"f84e704\" data-element_type=\"widget\" data-widget_type=\"spacer.default\">\n\t\t\t\t<div class=\"elementor-widget-container\">\n\t\t\t\t\t<div class=\"elementor-spacer\">\n\t\t\t<div class=\"elementor-spacer-inner\"><\/div>\n\t\t<\/div>\n\t\t\t\t<\/div>\n\t\t\t\t<\/div>\n\t\t\t\t\t<\/div>\n\t\t<\/div>\n\t\t\t\t\t<\/div>\n\t\t<\/section>\n\t\t\t\t<section class=\"elementor-section elementor-top-section elementor-element elementor-element-be97ccb elementor-section-full_width elementor-section-height-default elementor-section-height-default\" data-id=\"be97ccb\" data-element_type=\"section\">\n\t\t\t\t\t\t<div class=\"elementor-container elementor-column-gap-wider\">\n\t\t\t\t\t<div class=\"elementor-column elementor-col-50 elementor-inner-column elementor-element elementor-element-de2fb2b\" data-id=\"de2fb2b\" data-element_type=\"column\" data-settings=\"{&quot;background_background&quot;:&quot;classic&quot;}\">\n\t\t\t<div class=\"elementor-widget-wrap elementor-element-populated\">\n\t\t\t\t\t\t<div class=\"elementor-element elementor-element-106482e elementor-widget elementor-widget-spacer\" data-id=\"106482e\" data-element_type=\"widget\" data-widget_type=\"spacer.default\">\n\t\t\t\t<div class=\"elementor-widget-container\">\n\t\t\t\t\t<div class=\"elementor-spacer\">\n\t\t\t<div class=\"elementor-spacer-inner\"><\/div>\n\t\t<\/div>\n\t\t\t\t<\/div>\n\t\t\t\t<\/div>\n\t\t\t\t\t<\/div>\n\t\t<\/div>\n\t\t\t\t<div class=\"elementor-column elementor-col-50 elementor-inner-column elementor-element elementor-element-5c2b6f2\" data-id=\"5c2b6f2\" data-element_type=\"column\">\n\t\t\t<div class=\"elementor-widget-wrap elementor-element-populated\">\n\t\t\t\t\t\t<div class=\"elementor-element elementor-element-ec7d843 elementor-widget elementor-widget-text-editor\" data-id=\"ec7d843\" data-element_type=\"widget\" data-widget_type=\"text-editor.default\">\n\t\t\t\t<div class=\"elementor-widget-container\">\n\t\t\t\t\t\t\t<h2><span style=\"color: #356988;\">ATRI<\/span><\/h2>\t\t\t\t\t\t<\/div>\n\t\t\t\t<\/div>\n\t\t\t\t<div class=\"elementor-element elementor-element-a2d4b3a elementor-widget elementor-widget-text-editor\" data-id=\"a2d4b3a\" data-element_type=\"widget\" data-widget_type=\"text-editor.default\">\n\t\t\t\t<div class=\"elementor-widget-container\">\n\t\t\t\t\t\t\t<p style=\"text-align: left;\">Atri war in der Antike seit dem 11. und 12. Jahrhundert v. Chr. eine Stadt von gro\u00dfem Ansehen. Sie war die einzige Stadt an der Adriak\u00fcste, die vor Rom Geld pr\u00e4gte, und dank ihres Hafens an der Adria ein wichtiges Handelszentrum, daher die These, dass der Name des Meeres selbst vom antiken Hatria herr\u00fchrt. In r\u00f6mischer Zeit k\u00e4mpfte er an der Seite Roms in den Kriegen gegen Hannibal. Mit den Herz\u00f6gen von Acquaviva erlebte die Stadt ihre Bl\u00fctezeit. Die glorreiche Vergangenheit von Atri wird durch die in der Umgebung verstreuten arch\u00e4ologischen Funde bezeugt. <\/p>\t\t\t\t\t\t<\/div>\n\t\t\t\t<\/div>\n\t\t\t\t\t<\/div>\n\t\t<\/div>\n\t\t\t\t\t<\/div>\n\t\t<\/section>\n\t\t\t\t<section class=\"elementor-section elementor-top-section elementor-element elementor-element-53bad8d elementor-section-full_width elementor-section-height-default elementor-section-height-default\" data-id=\"53bad8d\" data-element_type=\"section\">\n\t\t\t\t\t\t<div class=\"elementor-container elementor-column-gap-wider\">\n\t\t\t\t\t<div class=\"elementor-column elementor-col-50 elementor-inner-column elementor-element elementor-element-ce780bc\" data-id=\"ce780bc\" data-element_type=\"column\">\n\t\t\t<div class=\"elementor-widget-wrap elementor-element-populated\">\n\t\t\t\t\t\t<div class=\"elementor-element elementor-element-5058639 elementor-widget elementor-widget-text-editor\" data-id=\"5058639\" data-element_type=\"widget\" data-widget_type=\"text-editor.default\">\n\t\t\t\t<div class=\"elementor-widget-container\">\n\t\t\t\t\t\t\t<h2><span style=\"color: #356988;\">NATIONALPARK\u00a0<br \/>DES GRAN SASSO<\/span><\/h2>\t\t\t\t\t\t<\/div>\n\t\t\t\t<\/div>\n\t\t\t\t<div class=\"elementor-element elementor-element-48a90da elementor-widget__width-initial elementor-widget elementor-widget-text-editor\" data-id=\"48a90da\" data-element_type=\"widget\" data-widget_type=\"text-editor.default\">\n\t\t\t\t<div class=\"elementor-widget-container\">\n\t\t\t\t\t\t\t\t\t\t\t\t\t<\/div>\n\t\t\t\t<\/div>\n\t\t\t\t<div class=\"elementor-element elementor-element-2a37806 elementor-widget elementor-widget-text-editor\" data-id=\"2a37806\" data-element_type=\"widget\" data-widget_type=\"text-editor.default\">\n\t\t\t\t<div class=\"elementor-widget-container\">\n\t\t\t\t\t\t\t<p style=\"text-align: left;\"><strong>Abruzzo<\/strong>\u00a0bewacht eines der gr\u00f6\u00dften und wertvollsten Schutzgebiete Europas, den Nationalpark Gran Sasso und Monti della Laga. Hier hat sich die jahrtausendealte Arbeit des Menschen harmonisch in einen hervorragenden Umweltkontext integriert und ihn weiter bereichert. Eine Natur reich an W\u00e4ldern, Quellen, Wasserf\u00e4llen, Pr\u00e4rien, Hochebenen, schwindelerregenden Bergr\u00fccken und Felsw\u00e4nden, in der neben den repr\u00e4sentativsten Tieren des Apennins wie dem Wolf und der G\u00e4mse auch zahlreiche Tier- und Pflanzenarten leben, die nur in diesem Gebiet vorkommen. >Abruzzen <\/strong>, der B\u00e4r, der Steinadler oder der wei\u00dfe Hut. Das Parkgebiet stellt praktisch ein \u201eeurop\u00e4isches Denkmal der Artenvielfalt\u201c dar. <\/p>\t\t\t\t\t\t<\/div>\n\t\t\t\t<\/div>\n\t\t\t\t\t<\/div>\n\t\t<\/div>\n\t\t\t\t<div class=\"elementor-column elementor-col-50 elementor-inner-column elementor-element elementor-element-eb1aa71 elementor-hidden-mobile\" data-id=\"eb1aa71\" data-element_type=\"column\" data-settings=\"{&quot;background_background&quot;:&quot;classic&quot;}\">\n\t\t\t<div class=\"elementor-widget-wrap elementor-element-populated\">\n\t\t\t\t\t\t<div class=\"elementor-element elementor-element-d2c1dc2 elementor-widget elementor-widget-spacer\" data-id=\"d2c1dc2\" data-element_type=\"widget\" data-widget_type=\"spacer.default\">\n\t\t\t\t<div class=\"elementor-widget-container\">\n\t\t\t\t\t<div class=\"elementor-spacer\">\n\t\t\t<div class=\"elementor-spacer-inner\"><\/div>\n\t\t<\/div>\n\t\t\t\t<\/div>\n\t\t\t\t<\/div>\n\t\t\t\t<div class=\"elementor-element elementor-element-0ba3fcd elementor-widget elementor-widget-text-editor\" data-id=\"0ba3fcd\" data-element_type=\"widget\" data-widget_type=\"text-editor.default\">\n\t\t\t\t<div class=\"elementor-widget-container\">\n\t\t\t\t\t\t\t<p style=\"text-align: center;\"><span style=\"color: #ffffff;\">\u00a0Id\u00e9fix, CC BY-SA 3.0 , via Wikimedia Commons<\/span><\/p>\t\t\t\t\t\t<\/div>\n\t\t\t\t<\/div>\n\t\t\t\t\t<\/div>\n\t\t<\/div>\n\t\t\t\t\t<\/div>\n\t\t<\/section>\n\t\t\t\t<section class=\"elementor-section elementor-top-section elementor-element elementor-element-a6e4799 elementor-section-full_width elementor-section-height-default elementor-section-height-default\" data-id=\"a6e4799\" data-element_type=\"section\">\n\t\t\t\t\t\t<div class=\"elementor-container elementor-column-gap-wider\">\n\t\t\t\t\t<div class=\"elementor-column elementor-col-50 elementor-inner-column elementor-element elementor-element-d9c1711\" data-id=\"d9c1711\" data-element_type=\"column\" data-settings=\"{&quot;background_background&quot;:&quot;classic&quot;}\">\n\t\t\t<div class=\"elementor-widget-wrap elementor-element-populated\">\n\t\t\t\t\t\t<div class=\"elementor-element elementor-element-e1efc73 elementor-widget elementor-widget-spacer\" data-id=\"e1efc73\" data-element_type=\"widget\" data-widget_type=\"spacer.default\">\n\t\t\t\t<div class=\"elementor-widget-container\">\n\t\t\t\t\t<div class=\"elementor-spacer\">\n\t\t\t<div class=\"elementor-spacer-inner\"><\/div>\n\t\t<\/div>\n\t\t\t\t<\/div>\n\t\t\t\t<\/div>\n\t\t\t\t\t<\/div>\n\t\t<\/div>\n\t\t\t\t<div class=\"elementor-column elementor-col-50 elementor-inner-column elementor-element elementor-element-ca2a3fe\" data-id=\"ca2a3fe\" data-element_type=\"column\">\n\t\t\t<div class=\"elementor-widget-wrap elementor-element-populated\">\n\t\t\t\t\t\t<div class=\"elementor-element elementor-element-90014d7 elementor-widget elementor-widget-text-editor\" data-id=\"90014d7\" data-element_type=\"widget\" data-widget_type=\"text-editor.default\">\n\t\t\t\t<div class=\"elementor-widget-container\">\n\t\t\t\t\t\t\t<h2><span style=\"color: #356988;\">SALINELLO-SCHLUCHT<\/span><\/h2>\t\t\t\t\t\t<\/div>\n\t\t\t\t<\/div>\n\t\t\t\t<div class=\"elementor-element elementor-element-d514ab1 elementor-widget elementor-widget-text-editor\" data-id=\"d514ab1\" data-element_type=\"widget\" data-widget_type=\"text-editor.default\">\n\t\t\t\t<div class=\"elementor-widget-container\">\n\t\t\t\t\t\t\t<p style=\"text-align: left;\">In der N\u00e4he von Civitella del Tronto k\u00f6nnen Ausfl\u00fcge in die Salinello-Schluchten unternommen werden. Eine nat\u00fcrliche Umgebung, die Geschichte, Kultur und Natur zwischen den beiden Seiten des Gemelli-Gebirges vereint: Montagna di Campli und Montagna dei Fiori. Der Sch\u00f6pfer dieses Naturdenkmals war der Wildbach Salinello, der \u00fcber Millionen von Jahren eine \u201eSchlucht\u201c von wenigen Kilometern L\u00e4nge, etwa 200 Metern H\u00f6he und einer Breite von nicht mehr als f\u00fcnf bis mehreren zehn Metern auf den gesamten Berg schuf Meter, was zu Wasserf\u00e4llen, H\u00f6hlen und Hohlr\u00e4umen f\u00fchrt <\/p>\t\t\t\t\t\t<\/div>\n\t\t\t\t<\/div>\n\t\t\t\t\t<\/div>\n\t\t<\/div>\n\t\t\t\t\t<\/div>\n\t\t<\/section>\n\t\t\t\t<section class=\"elementor-section elementor-top-section elementor-element elementor-element-4d64415 elementor-section-full_width elementor-section-height-default elementor-section-height-default\" data-id=\"4d64415\" data-element_type=\"section\">\n\t\t\t\t\t\t<div class=\"elementor-container elementor-column-gap-wider\">\n\t\t\t\t\t<div class=\"elementor-column elementor-col-50 elementor-inner-column elementor-element elementor-element-d5b295d\" data-id=\"d5b295d\" data-element_type=\"column\">\n\t\t\t<div class=\"elementor-widget-wrap elementor-element-populated\">\n\t\t\t\t\t\t<div class=\"elementor-element elementor-element-3397ed4 elementor-widget elementor-widget-text-editor\" data-id=\"3397ed4\" data-element_type=\"widget\" data-widget_type=\"text-editor.default\">\n\t\t\t\t<div class=\"elementor-widget-container\">\n\t\t\t\t\t\t\t<h2><span style=\"color: #356988;\">\u00a0KIRCHE SAN GABRIELE <\/span><\/h2>\n<h2><span style=\"color: #356988;\">DELL&#8217;ADDOLORATA<\/span><\/h2>\t\t\t\t\t\t<\/div>\n\t\t\t\t<\/div>\n\t\t\t\t<div class=\"elementor-element elementor-element-ac56c09 elementor-widget__width-initial elementor-widget elementor-widget-text-editor\" data-id=\"ac56c09\" data-element_type=\"widget\" data-widget_type=\"text-editor.default\">\n\t\t\t\t<div class=\"elementor-widget-container\">\n\t\t\t\t\t\t\t\t\t\t\t\t\t<\/div>\n\t\t\t\t<\/div>\n\t\t\t\t<div class=\"elementor-element elementor-element-f928f8c elementor-widget elementor-widget-text-editor\" data-id=\"f928f8c\" data-element_type=\"widget\" data-widget_type=\"text-editor.default\">\n\t\t\t\t<div class=\"elementor-widget-container\">\n\t\t\t\t\t\t\t<p style=\"text-align: left;\">Die Religiosit\u00e4t der Abruzzen hat im Laufe der Jahrtausende den Ausdruck der Fr\u00f6mmigkeit in einigen gro\u00dfen Heiligt\u00fcmern konkretisiert. Die erste, zu der jedes Jahr \u00fcber zwei Millionen Gl\u00e4ubige kommen, liegt am Fu\u00dfe des Gran Sasso und ist einem jungen passionierten Heiligen gewidmet. Sein Name ist San Gabriele dell&#8217;Addolorata. Der Ruhm des Heiligen Gabriel explodierte im Jahr 1892, als seine sterblichen \u00dcberreste exhumiert wurden und an seinem Grab die ersten aufsehenerregenden Wunder geschahen. 1920 wurde er zum Heiligen erkl\u00e4rt und 1959 erkl\u00e4rte ihn Papst Johannes XXIII. zum Schutzpatron der Abruzzen.<\/p>\t\t\t\t\t\t<\/div>\n\t\t\t\t<\/div>\n\t\t\t\t\t<\/div>\n\t\t<\/div>\n\t\t\t\t<div class=\"elementor-column elementor-col-50 elementor-inner-column elementor-element elementor-element-5852ea1 elementor-hidden-mobile\" data-id=\"5852ea1\" data-element_type=\"column\" data-settings=\"{&quot;background_background&quot;:&quot;classic&quot;}\">\n\t\t\t<div class=\"elementor-widget-wrap elementor-element-populated\">\n\t\t\t\t\t\t<div class=\"elementor-element elementor-element-a3b1620 elementor-widget elementor-widget-spacer\" data-id=\"a3b1620\" data-element_type=\"widget\" data-widget_type=\"spacer.default\">\n\t\t\t\t<div class=\"elementor-widget-container\">\n\t\t\t\t\t<div class=\"elementor-spacer\">\n\t\t\t<div class=\"elementor-spacer-inner\"><\/div>\n\t\t<\/div>\n\t\t\t\t<\/div>\n\t\t\t\t<\/div>\n\t\t\t\t\t<\/div>\n\t\t<\/div>\n\t\t\t\t\t<\/div>\n\t\t<\/section>\n\t\t\t\t<section class=\"elementor-section elementor-top-section elementor-element elementor-element-91e368c elementor-section-full_width elementor-section-height-default elementor-section-height-default\" data-id=\"91e368c\" data-element_type=\"section\">\n\t\t\t\t\t\t<div class=\"elementor-container elementor-column-gap-wider\">\n\t\t\t\t\t<div class=\"elementor-column elementor-col-50 elementor-inner-column elementor-element elementor-element-ec26171\" data-id=\"ec26171\" data-element_type=\"column\" data-settings=\"{&quot;background_background&quot;:&quot;classic&quot;}\">\n\t\t\t<div class=\"elementor-widget-wrap elementor-element-populated\">\n\t\t\t\t\t\t<div class=\"elementor-element elementor-element-26b392b elementor-widget elementor-widget-spacer\" data-id=\"26b392b\" data-element_type=\"widget\" data-widget_type=\"spacer.default\">\n\t\t\t\t<div class=\"elementor-widget-container\">\n\t\t\t\t\t<div class=\"elementor-spacer\">\n\t\t\t<div class=\"elementor-spacer-inner\"><\/div>\n\t\t<\/div>\n\t\t\t\t<\/div>\n\t\t\t\t<\/div>\n\t\t\t\t\t<\/div>\n\t\t<\/div>\n\t\t\t\t<div class=\"elementor-column elementor-col-50 elementor-inner-column elementor-element elementor-element-97fabeb\" data-id=\"97fabeb\" data-element_type=\"column\">\n\t\t\t<div class=\"elementor-widget-wrap elementor-element-populated\">\n\t\t\t\t\t\t<div class=\"elementor-element elementor-element-47e20de elementor-widget elementor-widget-text-editor\" data-id=\"47e20de\" data-element_type=\"widget\" data-widget_type=\"text-editor.default\">\n\t\t\t\t<div class=\"elementor-widget-container\">\n\t\t\t\t\t\t\t<h2><span style=\"color: #356988;\">HEILIGTUM VON\nGIULIANOVA<\/span><\/h2> \t\t\t\t\t\t<\/div>\n\t\t\t\t<\/div>\n\t\t\t\t<div class=\"elementor-element elementor-element-76ecef4 elementor-widget elementor-widget-text-editor\" data-id=\"76ecef4\" data-element_type=\"widget\" data-widget_type=\"text-editor.default\">\n\t\t\t\t<div class=\"elementor-widget-container\">\n\t\t\t\t\t\t\t<p style=\"text-align: left;\">Es war das Jahr 1557, am 22. April, als ein Bauer, ein gewisser Bertolino, der Holz sammeln wollte, ein gro\u00dfes Licht mit der l\u00e4chelnden Jungfrau sah, die ihn anwies, es dem zu verk\u00fcnden Gemeinde die beste Nachricht: Die Muttergottes hatte die Stadt Giulia ausgew\u00e4hlt, um sie mit dem Bau eines Heiligtums zu ehren. Als unverg\u00e4nglicher Beweis des Wunders sprudelte am Fu\u00dfe eines Olivenbaums eine Quelle reinen Wassers, die noch heute existiert. Jeder, der durch die Stadt geht, kann die Quelle des Wunders besuchen und ein Bad nehmen, indem er sich die Stirn markiert, damit er von der Madonna gesegnet wird. <\/p>\t\t\t\t\t\t<\/div>\n\t\t\t\t<\/div>\n\t\t\t\t\t<\/div>\n\t\t<\/div>\n\t\t\t\t\t<\/div>\n\t\t<\/section>\n\t\t\t\t<section class=\"elementor-section elementor-top-section elementor-element elementor-element-c8a8e91 elementor-section-stretched elementor-section-boxed elementor-section-height-default elementor-section-height-default\" data-id=\"c8a8e91\" data-element_type=\"section\" data-settings=\"{&quot;stretch_section&quot;:&quot;section-stretched&quot;,&quot;background_background&quot;:&quot;classic&quot;}\">\n\t\t\t\t\t\t<div class=\"elementor-container elementor-column-gap-wider\">\n\t\t\t\t\t<div class=\"elementor-column elementor-col-50 elementor-top-column elementor-element elementor-element-cb68e2c\" data-id=\"cb68e2c\" data-element_type=\"column\">\n\t\t\t<div class=\"elementor-widget-wrap elementor-element-populated\">\n\t\t\t\t\t\t<section class=\"elementor-section elementor-inner-section elementor-element elementor-element-ab65f15 elementor-section-boxed elementor-section-height-default elementor-section-height-default\" data-id=\"ab65f15\" data-element_type=\"section\">\n\t\t\t\t\t\t<div class=\"elementor-container elementor-column-gap-default\">\n\t\t\t\t\t<div class=\"elementor-column elementor-col-100 elementor-inner-column elementor-element elementor-element-d7a8736\" data-id=\"d7a8736\" data-element_type=\"column\">\n\t\t\t<div class=\"elementor-widget-wrap elementor-element-populated\">\n\t\t\t\t\t\t<div class=\"elementor-element elementor-element-195c82c elementor-widget elementor-widget-spacer\" data-id=\"195c82c\" data-element_type=\"widget\" data-widget_type=\"spacer.default\">\n\t\t\t\t<div class=\"elementor-widget-container\">\n\t\t\t\t\t<div class=\"elementor-spacer\">\n\t\t\t<div class=\"elementor-spacer-inner\"><\/div>\n\t\t<\/div>\n\t\t\t\t<\/div>\n\t\t\t\t<\/div>\n\t\t\t\t<div class=\"elementor-element elementor-element-bf2a9ee elementor-widget elementor-widget-text-editor\" data-id=\"bf2a9ee\" data-element_type=\"widget\" data-widget_type=\"text-editor.default\">\n\t\t\t\t<div class=\"elementor-widget-container\">\n\t\t\t\t\t\t\t<p><span style=\"color: #e8ba00;\">ALBA ADRIATICA\u00a0<\/span><br \/><span style=\"color: #e8ba00;\">PERLE DER ADRIA\u00a0<\/span><\/p>\t\t\t\t\t\t<\/div>\n\t\t\t\t<\/div>\n\t\t\t\t<div class=\"elementor-element elementor-element-16f1656 elementor-widget elementor-widget-text-editor\" data-id=\"16f1656\" data-element_type=\"widget\" data-widget_type=\"text-editor.default\">\n\t\t\t\t<div class=\"elementor-widget-container\">\n\t\t\t\t\t\t\t<h4>Entdecken Sie unsere Stadt zwischen Str\u00e4nden, gro\u00dfen Pinienw\u00e4ldern, Strandpromenade und vielen Sehensw\u00fcrdigkeiten.<\/h4>\t\t\t\t\t\t<\/div>\n\t\t\t\t<\/div>\n\t\t\t\t<div class=\"elementor-element elementor-element-22c87b1 elementor-widget elementor-widget-text-editor\" data-id=\"22c87b1\" data-element_type=\"widget\" data-widget_type=\"text-editor.default\">\n\t\t\t\t<div class=\"elementor-widget-container\">\n\t\t\t\t\t\t\t<p style=\"text-align: justify;\">F\u00fcr diejenigen, die einen <strong>heiteren und lebhaften Aufenthalt<\/strong> lieben, bietet Alba Adriatica zahlreiche Orte f\u00fcr Freizeit und Unterhaltung.<\/p>\n<p style=\"text-align: justify;\">Der breite Strand aus feinem, silberwei\u00dfem Sand; das au\u00dfergew\u00f6hnlich klare Meer mit sanftem Gef\u00e4lle, <strong>ideal f\u00fcr Kinder und Familien<\/strong><\/p>\t\t\t\t\t\t<\/div>\n\t\t\t\t<\/div>\n\t\t\t\t<div class=\"elementor-element elementor-element-c72c6de elementor-align-center elementor-widget elementor-widget-button\" data-id=\"c72c6de\" data-element_type=\"widget\" data-widget_type=\"button.default\">\n\t\t\t\t<div class=\"elementor-widget-container\">\n\t\t\t\t\t<div class=\"elementor-button-wrapper\">\n\t\t\t<a class=\"elementor-button elementor-button-link elementor-size-sm\" href=\"\/de\/alba-adriatica\">\n\t\t\t\t\t\t<span class=\"elementor-button-content-wrapper\">\n\t\t\t\t\t\t<span class=\"elementor-button-icon elementor-align-icon-right\">\n\t\t\t\t<svg aria-hidden=\"true\" class=\"e-font-icon-svg e-fas-angle-right\" viewBox=\"0 0 256 512\" xmlns=\"http:\/\/www.w3.org\/2000\/svg\"><path d=\"M224.3 273l-136 136c-9.4 9.4-24.6 9.4-33.9 0l-22.6-22.6c-9.4-9.4-9.4-24.6 0-33.9l96.4-96.4-96.4-96.4c-9.4-9.4-9.4-24.6 0-33.9L54.3 103c9.4-9.4 24.6-9.4 33.9 0l136 136c9.5 9.4 9.5 24.6.1 34z\"><\/path><\/svg>\t\t\t<\/span>\n\t\t\t\t\t\t<span class=\"elementor-button-text\">Alba Adriatica f\u00fcr Sie<\/span>\n\t\t<\/span>\n\t\t\t\t\t<\/a>\n\t\t<\/div>\n\t\t\t\t<\/div>\n\t\t\t\t<\/div>\n\t\t\t\t\t<\/div>\n\t\t<\/div>\n\t\t\t\t\t<\/div>\n\t\t<\/section>\n\t\t\t\t\t<\/div>\n\t\t<\/div>\n\t\t\t\t<div class=\"elementor-column elementor-col-50 elementor-top-column elementor-element elementor-element-a015588\" data-id=\"a015588\" data-element_type=\"column\">\n\t\t\t<div class=\"elementor-widget-wrap elementor-element-populated\">\n\t\t\t\t\t\t<section class=\"elementor-section elementor-inner-section elementor-element elementor-element-3460cea elementor-section-boxed elementor-section-height-default elementor-section-height-default\" data-id=\"3460cea\" data-element_type=\"section\">\n\t\t\t\t\t\t<div class=\"elementor-container elementor-column-gap-no\">\n\t\t\t\t\t<div class=\"elementor-column elementor-col-100 elementor-inner-column elementor-element elementor-element-444277a\" data-id=\"444277a\" data-element_type=\"column\">\n\t\t\t<div class=\"elementor-widget-wrap elementor-element-populated\">\n\t\t\t\t\t\t<div class=\"elementor-element elementor-element-ba63ed9 elementor-widget elementor-widget-image\" data-id=\"ba63ed9\" data-element_type=\"widget\" data-widget_type=\"image.default\">\n\t\t\t\t<div class=\"elementor-widget-container\">\n\t\t\t<style>\/*! elementor - v3.19.0 - 28-02-2024 *\/\n.elementor-widget-image{text-align:center}.elementor-widget-image a{display:inline-block}.elementor-widget-image a img[src$=\".svg\"]{width:48px}.elementor-widget-image img{vertical-align:middle;display:inline-block}<\/style>\t\t\t\t\t\t\t\t\t\t<img fetchpriority=\"high\" decoding=\"async\" width=\"780\" height=\"780\" src=\"https:\/\/www.residencecosta.it\/wp-content\/uploads\/2024\/03\/ante_home_alba.jpg\" class=\"attachment-large size-large wp-image-4483\" alt=\"\" srcset=\"https:\/\/www.residencecosta.it\/wp-content\/uploads\/2024\/03\/ante_home_alba.jpg 780w, https:\/\/www.residencecosta.it\/wp-content\/uploads\/2024\/03\/ante_home_alba-500x500.jpg 500w, https:\/\/www.residencecosta.it\/wp-content\/uploads\/2024\/03\/ante_home_alba-300x300.jpg 300w, https:\/\/www.residencecosta.it\/wp-content\/uploads\/2024\/03\/ante_home_alba-768x768.jpg 768w, https:\/\/www.residencecosta.it\/wp-content\/uploads\/2024\/03\/ante_home_alba-150x150.jpg 150w, https:\/\/www.residencecosta.it\/wp-content\/uploads\/2024\/03\/ante_home_alba-75x75.jpg 75w, https:\/\/www.residencecosta.it\/wp-content\/uploads\/2024\/03\/ante_home_alba-480x480.jpg 480w\" sizes=\"(max-width:767px) 480px, (max-width:780px) 100vw, 780px\" \/>\t\t\t\t\t\t\t\t\t\t\t\t\t<\/div>\n\t\t\t\t<\/div>\n\t\t\t\t\t<\/div>\n\t\t<\/div>\n\t\t\t\t\t<\/div>\n\t\t<\/section>\n\t\t\t\t\t<\/div>\n\t\t<\/div>\n\t\t\t\t\t<\/div>\n\t\t<\/section>\n\t\t\t\t<section class=\"elementor-section elementor-top-section elementor-element elementor-element-92f83d4 elementor-section-height-default elementor-section-stretched elementor-section-boxed elementor-section-height-default\" data-id=\"92f83d4\" data-element_type=\"section\" data-settings=\"{&quot;background_background&quot;:&quot;classic&quot;,&quot;stretch_section&quot;:&quot;section-stretched&quot;}\">\n\t\t\t\t\t\t<div class=\"elementor-container elementor-column-gap-default\">\n\t\t\t\t\t<div class=\"elementor-column elementor-col-50 elementor-inner-column elementor-element elementor-element-5a60f06\" data-id=\"5a60f06\" data-element_type=\"column\">\n\t\t\t<div class=\"elementor-widget-wrap elementor-element-populated\">\n\t\t\t\t\t\t<div class=\"elementor-element elementor-element-4cbbe70 elementor-widget elementor-widget-image\" data-id=\"4cbbe70\" data-element_type=\"widget\" data-widget_type=\"image.default\">\n\t\t\t\t<div class=\"elementor-widget-container\">\n\t\t\t\t\t\t\t\t\t\t\t\t\t<img decoding=\"async\" width=\"780\" height=\"780\" src=\"https:\/\/www.residencecosta.it\/wp-content\/uploads\/2024\/03\/ante_home_abruzzo.jpg\" class=\"attachment-full size-full wp-image-4490\" alt=\"\" srcset=\"https:\/\/www.residencecosta.it\/wp-content\/uploads\/2024\/03\/ante_home_abruzzo.jpg 780w, https:\/\/www.residencecosta.it\/wp-content\/uploads\/2024\/03\/ante_home_abruzzo-500x500.jpg 500w, https:\/\/www.residencecosta.it\/wp-content\/uploads\/2024\/03\/ante_home_abruzzo-300x300.jpg 300w, https:\/\/www.residencecosta.it\/wp-content\/uploads\/2024\/03\/ante_home_abruzzo-768x768.jpg 768w, https:\/\/www.residencecosta.it\/wp-content\/uploads\/2024\/03\/ante_home_abruzzo-150x150.jpg 150w, https:\/\/www.residencecosta.it\/wp-content\/uploads\/2024\/03\/ante_home_abruzzo-75x75.jpg 75w, https:\/\/www.residencecosta.it\/wp-content\/uploads\/2024\/03\/ante_home_abruzzo-480x480.jpg 480w\" sizes=\"(max-width:767px) 480px, (max-width:780px) 100vw, 780px\" \/>\t\t\t\t\t\t\t\t\t\t\t\t\t<\/div>\n\t\t\t\t<\/div>\n\t\t\t\t\t<\/div>\n\t\t<\/div>\n\t\t\t\t<div class=\"elementor-column elementor-col-50 elementor-inner-column elementor-element elementor-element-49c0f8b\" data-id=\"49c0f8b\" data-element_type=\"column\">\n\t\t\t<div class=\"elementor-widget-wrap elementor-element-populated\">\n\t\t\t\t\t\t<div class=\"elementor-element elementor-element-5e7faeb elementor-widget__width-initial elementor-widget elementor-widget-text-editor\" data-id=\"5e7faeb\" data-element_type=\"widget\" data-widget_type=\"text-editor.default\">\n\t\t\t\t<div class=\"elementor-widget-container\">\n\t\t\t\t\t\t\t<h1 style=\"text-align: right;\"><span style=\"color: #008000;\">TOURISMUS IN ABRUZZO\u00a0<\/span><\/h1>\n<h1 style=\"text-align: right;\"><span style=\"color: #008000;\">zwischen Kunst und Geschichte\u00a0<\/span><\/h1>\n<h1 style=\"text-align: right;\"><span style=\"color: #008000;\">Natur und Traditionen <\/span><\/h1>\t\t\t\t\t\t<\/div>\n\t\t\t\t<\/div>\n\t\t\t\t<div class=\"elementor-element elementor-element-9e738f1 elementor-widget elementor-widget-text-editor\" data-id=\"9e738f1\" data-element_type=\"widget\" data-widget_type=\"text-editor.default\">\n\t\t\t\t<div class=\"elementor-widget-container\">\n\t\t\t\t\t\t\t<h4>Die Abruzzen bieten unz\u00e4hlige Emotionen: ihre Landschaften zwischen gr\u00fcnen H\u00fcgeln, majest\u00e4tischen Bergen, unber\u00fchrten Orten, alten D\u00f6rfern, Parks und wundersch\u00f6nen Str\u00e4nden. <\/h4>\t\t\t\t\t\t<\/div>\n\t\t\t\t<\/div>\n\t\t\t\t<div class=\"elementor-element elementor-element-c8b7b01 elementor-widget elementor-widget-text-editor\" data-id=\"c8b7b01\" data-element_type=\"widget\" data-widget_type=\"text-editor.default\">\n\t\t\t\t<div class=\"elementor-widget-container\">\n\t\t\t\t\t\t\t<p style=\"text-align: justify;\">Kilometerlange Str\u00e4nde, Felsen und feiner Sand f\u00fcr einen Urlaub, der zum Staunen, Entspannen und Auftanken einl\u00e4dt.<\/p>\n<p style=\"text-align: justify;\">Die Abruzzen werden als <strong>&#8216;Gr\u00fcne Region Europas&#8217;<\/strong> bezeichnet, und es ist kein Zufall, dass mehr als ein Drittel ihrer Fl\u00e4che unter Naturschutz steht. <\/p>\t\t\t\t\t\t<\/div>\n\t\t\t\t<\/div>\n\t\t\t\t<div class=\"elementor-element elementor-element-84e155a elementor-align-center elementor-widget elementor-widget-button\" data-id=\"84e155a\" data-element_type=\"widget\" data-widget_type=\"button.default\">\n\t\t\t\t<div class=\"elementor-widget-container\">\n\t\t\t\t\t<div class=\"elementor-button-wrapper\">\n\t\t\t<a class=\"elementor-button elementor-button-link elementor-size-sm\" href=\"\/de\/abruzzo\">\n\t\t\t\t\t\t<span class=\"elementor-button-content-wrapper\">\n\t\t\t\t\t\t<span class=\"elementor-button-icon elementor-align-icon-right\">\n\t\t\t\t<svg aria-hidden=\"true\" class=\"e-font-icon-svg e-fas-angle-right\" viewBox=\"0 0 256 512\" xmlns=\"http:\/\/www.w3.org\/2000\/svg\"><path d=\"M224.3 273l-136 136c-9.4 9.4-24.6 9.4-33.9 0l-22.6-22.6c-9.4-9.4-9.4-24.6 0-33.9l96.4-96.4-96.4-96.4c-9.4-9.4-9.4-24.6 0-33.9L54.3 103c9.4-9.4 24.6-9.4 33.9 0l136 136c9.5 9.4 9.5 24.6.1 34z\"><\/path><\/svg>\t\t\t<\/span>\n\t\t\t\t\t\t<span class=\"elementor-button-text\">Abruzzo zu entdecken<\/span>\n\t\t<\/span>\n\t\t\t\t\t<\/a>\n\t\t<\/div>\n\t\t\t\t<\/div>\n\t\t\t\t<\/div>\n\t\t\t\t\t<\/div>\n\t\t<\/div>\n\t\t\t\t\t<\/div>\n\t\t<\/section>\n\t\t\t\t<\/div>\n\t\t","protected":false},"excerpt":{"rendered":"<p>Ausfl\u00fcge, Routen, Reiserouten, inmitten unber\u00fchrter Natur Die Abruzzen werden aufgrund ihrer Naturparks \u00a0und ihrer zahlreichen\u00a0 Reservate , in denen Sie pr\u00e4chtige und seltene Exemplare einheimischer Rassen<span class=\"excerpt-hellip\"> [\u2026]<\/span><\/p>\n","protected":false},"author":1,"featured_media":0,"parent":0,"menu_order":0,"comment_status":"closed","ping_status":"closed","template":"","meta":{"footnotes":""},"yoast_head":"<!-- This site is optimized with the Yoast SEO plugin v22.3 - https:\/\/yoast.com\/wordpress\/plugins\/seo\/ -->\n<title>Ausfl\u00fcge - Residence Costa Alba Adriatica<\/title>\n<meta name=\"robots\" content=\"index, follow, max-snippet:-1, max-image-preview:large, max-video-preview:-1\" \/>\n<link rel=\"canonical\" href=\"https:\/\/www.residencecosta.it\/de\/escursioni\/\" \/>\n<meta property=\"og:locale\" content=\"de_DE\" \/>\n<meta property=\"og:type\" content=\"article\" \/>\n<meta property=\"og:title\" content=\"Ausfl\u00fcge - Residence Costa Alba Adriatica\" \/>\n<meta property=\"og:description\" content=\"Ausfl\u00fcge, Routen, Reiserouten, inmitten unber\u00fchrter Natur Die Abruzzen werden aufgrund ihrer Naturparks \u00a0und ihrer zahlreichen\u00a0 Reservate , in denen Sie pr\u00e4chtige und seltene Exemplare einheimischer Rassen [\u2026]\" \/>\n<meta property=\"og:url\" content=\"https:\/\/www.residencecosta.it\/de\/escursioni\/\" \/>\n<meta property=\"og:site_name\" content=\"Residence Costa Alba Adriatica\" \/>\n<meta property=\"article:modified_time\" content=\"2024-09-29T22:28:20+00:00\" \/>\n<meta property=\"og:image\" content=\"https:\/\/www.residencecosta.it\/wp-content\/uploads\/2024\/03\/ante_home_alba.jpg\" \/>\n<meta name=\"twitter:card\" content=\"summary_large_image\" \/>\n<meta name=\"twitter:label1\" content=\"Gesch\u00e4tzte Lesezeit\" \/>\n\t<meta name=\"twitter:data1\" content=\"8 Minuten\" \/>\n<script type=\"application\/ld+json\" class=\"yoast-schema-graph\">{\"@context\":\"https:\/\/schema.org\",\"@graph\":[{\"@type\":\"WebPage\",\"@id\":\"https:\/\/www.residencecosta.it\/de\/escursioni\/\",\"url\":\"https:\/\/www.residencecosta.it\/de\/escursioni\/\",\"name\":\"Ausfl\u00fcge - Residence Costa Alba Adriatica\",\"isPartOf\":{\"@id\":\"https:\/\/www.residencecosta.it\/#website\"},\"primaryImageOfPage\":{\"@id\":\"https:\/\/www.residencecosta.it\/de\/escursioni\/#primaryimage\"},\"image\":{\"@id\":\"https:\/\/www.residencecosta.it\/de\/escursioni\/#primaryimage\"},\"thumbnailUrl\":\"https:\/\/www.residencecosta.it\/wp-content\/uploads\/2024\/03\/ante_home_alba.jpg\",\"datePublished\":\"2024-02-08T17:51:29+00:00\",\"dateModified\":\"2024-09-29T22:28:20+00:00\",\"inLanguage\":\"de-DE\",\"potentialAction\":[{\"@type\":\"ReadAction\",\"target\":[\"https:\/\/www.residencecosta.it\/de\/escursioni\/\"]}]},{\"@type\":\"ImageObject\",\"inLanguage\":\"de-DE\",\"@id\":\"https:\/\/www.residencecosta.it\/de\/escursioni\/#primaryimage\",\"url\":\"https:\/\/www.residencecosta.it\/wp-content\/uploads\/2024\/03\/ante_home_alba.jpg\",\"contentUrl\":\"https:\/\/www.residencecosta.it\/wp-content\/uploads\/2024\/03\/ante_home_alba.jpg\",\"width\":780,\"height\":780},{\"@type\":\"WebSite\",\"@id\":\"https:\/\/www.residencecosta.it\/#website\",\"url\":\"https:\/\/www.residencecosta.it\/\",\"name\":\"Residence Costa Alba Adriatica\",\"description\":\"Residence per vacanze al mare ad Alba Adriatica \",\"potentialAction\":[{\"@type\":\"SearchAction\",\"target\":{\"@type\":\"EntryPoint\",\"urlTemplate\":\"https:\/\/www.residencecosta.it\/?s={search_term_string}\"},\"query-input\":\"required name=search_term_string\"}],\"inLanguage\":\"de-DE\"}]}<\/script>\n<!-- \/ Yoast SEO plugin. -->","yoast_head_json":{"title":"Ausfl\u00fcge - Residence Costa Alba Adriatica","robots":{"index":"index","follow":"follow","max-snippet":"max-snippet:-1","max-image-preview":"max-image-preview:large","max-video-preview":"max-video-preview:-1"},"canonical":"https:\/\/www.residencecosta.it\/de\/escursioni\/","og_locale":"de_DE","og_type":"article","og_title":"Ausfl\u00fcge - Residence Costa Alba Adriatica","og_description":"Ausfl\u00fcge, Routen, Reiserouten, inmitten unber\u00fchrter Natur Die Abruzzen werden aufgrund ihrer Naturparks \u00a0und ihrer zahlreichen\u00a0 Reservate , in denen Sie pr\u00e4chtige und seltene Exemplare einheimischer Rassen [\u2026]","og_url":"https:\/\/www.residencecosta.it\/de\/escursioni\/","og_site_name":"Residence Costa Alba Adriatica","article_modified_time":"2024-09-29T22:28:20+00:00","og_image":[{"url":"https:\/\/www.residencecosta.it\/wp-content\/uploads\/2024\/03\/ante_home_alba.jpg"}],"twitter_card":"summary_large_image","twitter_misc":{"Gesch\u00e4tzte Lesezeit":"8 Minuten"},"schema":{"@context":"https:\/\/schema.org","@graph":[{"@type":"WebPage","@id":"https:\/\/www.residencecosta.it\/de\/escursioni\/","url":"https:\/\/www.residencecosta.it\/de\/escursioni\/","name":"Ausfl\u00fcge - Residence Costa Alba Adriatica","isPartOf":{"@id":"https:\/\/www.residencecosta.it\/#website"},"primaryImageOfPage":{"@id":"https:\/\/www.residencecosta.it\/de\/escursioni\/#primaryimage"},"image":{"@id":"https:\/\/www.residencecosta.it\/de\/escursioni\/#primaryimage"},"thumbnailUrl":"https:\/\/www.residencecosta.it\/wp-content\/uploads\/2024\/03\/ante_home_alba.jpg","datePublished":"2024-02-08T17:51:29+00:00","dateModified":"2024-09-29T22:28:20+00:00","inLanguage":"de-DE","potentialAction":[{"@type":"ReadAction","target":["https:\/\/www.residencecosta.it\/de\/escursioni\/"]}]},{"@type":"ImageObject","inLanguage":"de-DE","@id":"https:\/\/www.residencecosta.it\/de\/escursioni\/#primaryimage","url":"https:\/\/www.residencecosta.it\/wp-content\/uploads\/2024\/03\/ante_home_alba.jpg","contentUrl":"https:\/\/www.residencecosta.it\/wp-content\/uploads\/2024\/03\/ante_home_alba.jpg","width":780,"height":780},{"@type":"WebSite","@id":"https:\/\/www.residencecosta.it\/#website","url":"https:\/\/www.residencecosta.it\/","name":"Residence Costa Alba Adriatica","description":"Residence per vacanze al mare ad Alba Adriatica ","potentialAction":[{"@type":"SearchAction","target":{"@type":"EntryPoint","urlTemplate":"https:\/\/www.residencecosta.it\/?s={search_term_string}"},"query-input":"required name=search_term_string"}],"inLanguage":"de-DE"}]}},"_links":{"self":[{"href":"https:\/\/www.residencecosta.it\/de\/wp-json\/wp\/v2\/pages\/4861"}],"collection":[{"href":"https:\/\/www.residencecosta.it\/de\/wp-json\/wp\/v2\/pages"}],"about":[{"href":"https:\/\/www.residencecosta.it\/de\/wp-json\/wp\/v2\/types\/page"}],"author":[{"embeddable":true,"href":"https:\/\/www.residencecosta.it\/de\/wp-json\/wp\/v2\/users\/1"}],"replies":[{"embeddable":true,"href":"https:\/\/www.residencecosta.it\/de\/wp-json\/wp\/v2\/comments?post=4861"}],"version-history":[{"count":31,"href":"https:\/\/www.residencecosta.it\/de\/wp-json\/wp\/v2\/pages\/4861\/revisions"}],"predecessor-version":[{"id":5684,"href":"https:\/\/www.residencecosta.it\/de\/wp-json\/wp\/v2\/pages\/4861\/revisions\/5684"}],"wp:attachment":[{"href":"https:\/\/www.residencecosta.it\/de\/wp-json\/wp\/v2\/media?parent=4861"}],"curies":[{"name":"wp","href":"https:\/\/api.w.org\/{rel}","templated":true}]}}